{"id":6439,"date":"2018-08-02T08:54:20","date_gmt":"2018-08-02T08:54:20","guid":{"rendered":"http:\/\/labtechco.themestek.com\/?page_id=6439"},"modified":"2022-12-05T15:48:57","modified_gmt":"2022-12-05T15:48:57","slug":"home","status":"publish","type":"page","link":"https:\/\/caritasrwanda.org\/fr\/","title":{"rendered":"Home"},"content":{"rendered":"<p>[vc_row themestek_textcolor=&#8221;white&#8221; themestek_bgcolor=&#8221;skincolor&#8221; full_width=&#8221;stretch_row&#8221; css=&#8221;.vc_custom_1670231279296{padding-bottom: 30px !important;background-color: #131516 !important;background-position: center !important;background-repeat: no-repeat !important;background-size: cover !important;}&#8221; el_class=&#8221;themestek-bg-pattarn-2&#8243;][vc_column zindex=&#8221;1&#8243;][vc_row_inner gap=&#8221;0px&#8221; css=&#8221;.vc_custom_1662212967863{padding-top: 30px !important;}&#8221;][vc_column_inner width=&#8221;1\/2&#8243;]<div class=\"themestek-element-heading-wrapper themestek-heading-inner themestek-element-align-left themestek-seperator-none \"><section class=\"themestek-vc_cta3-container\"><div class=\"themestek-vc_general themestek-vc_cta3 themestek-cta3-only themestek-vc_cta3-style-classic themestek-vc_cta3-shape-rounded themestek-vc_cta3-align-left themestek-vc_cta3-color-transparent themestek-vc_cta3-icon-size-md themestek-vc_cta3-actions-no themestek-cta3-without-desc\"><div class=\"themestek-vc_cta3_content-container\"><div class=\"themestek-vc_cta3-content\"><div class=\"themestek-vc_cta3-content-header themestek-wrap\"><div class=\"themestek-vc_cta3-headers themestek-wrap-cell\"><h2 style=\"color:#ffffff;\" class=\"themestek-custom-heading \" >Caritas Rwanda<\/h2>\n<\/div><\/div><\/div><\/div><\/div><\/section><\/div> <!-- .themestek-element-heading-wrapper container --> [vc_empty_space height=&#8221;10px&#8221;][\/vc_column_inner][vc_column_inner width=&#8221;1\/2&#8243; css=&#8221;.vc_custom_1579673501614{margin-top: 25px !important;}&#8221; themestek_responsive_css=&#8221;55328164|colbreak_no|||||||||colbreak_no|||||||||colbreak_no|0|||||||||colbreak_no|||||||||&#8221;][\/vc_column_inner][\/vc_row_inner]<div class=\"themestek-boxes themestek-boxes-service themestek-boxes-view-carousel themestek-boxes-service-style-2 themestek-boxes-col-three themestek-boxes-sortable-no themestek-boxes-textalign-center themestek-boxes-sortablebutton- themestek-heading-position- themestek-boxes-carousel-arrows-below themestek-boxes-txtalign-center our-work-white-box\" data-themestek-speed=\"1500\" data-themestek-autoplay=\"1\" data-themestek-autoplayspeed=\"4500\" data-themestek-loop=\"1\" data-themestek-dots=\"0\" data-themestek-nav=\"below\" data-themestek-centermode=\"0\" data-themestek-pauseonfocus=\"1\" data-themestek-pauseonhover=\"1\" data-themestek-slidestoscroll=\"column\" data-themestek-effecttype=\"slide\" data-themestek-headingpos=\"\" >\n\t\t<div class=\"themestek-boxes-inner themestek-boxes-service-inner \">\n\t\t\t\n\t\t\t<div class=\"row multi-columns-row themestek-boxes-row-wrapper\">\n\t\t\t\t<div class=\"themestek-box-col-wrapper col-lg-4 col-sm-6 col-md-4 col-xs-12 \"><article class=\"themestek-box themestek-box-service themestek-servicebox-style-2\">\n\t<div class=\"themestek-post-item\">\n\t\t\n\t\t<span class=\"themestek-item-thumbnail\">\n\t\t\t<span class=\"themestek-item-thumbnail-inner\">\n\t\t\t\t<img loading=\"lazy\" decoding=\"async\" width=\"800\" height=\"533\" src=\"https:\/\/caritasrwanda.org\/fr\/wp-content\/uploads\/2025\/03\/162A5107-800x533.jpg\" class=\"attachment-themestek-img-800x533 size-themestek-img-800x533 wp-post-image\" alt=\"\" data-id=\"15379\" \/>\n\t\t\t<\/span>\n\t\t<\/span>\t\t<div class=\"themestek-box-content\">\n            <div class=\"themestek-box-content-inner\">\n\t\t\t\t\t<div class=\"ts-ihbox-icon\">\n\t\t\t\t\t\t<i class=\"fa fa-map-marker\"><\/i>\t\t\t\t\t<\/div>\n\t\t\t\t <div class=\"themestek-des\">\n\t\t\t\t\t<h3><a href=\"https:\/\/caritasrwanda.org\/fr\/visa\/projet-ecd\/\">PROJET ECD<\/a><\/h3>\n\t\t\t\t\t\t\t\t\t\t<div class=\"themestek-service-content\"><p>Gr\u00e2ce au soutien et au financement du Plan International Rwanda, Caritas Rwanda mets en \u0153uvre un Projet de D\u00e9veloppement de la Petite Enfance dans les districts de Bugesera, Gatsibo et Nyaruguru depuis octobre 2022 \u00e0 juin 2025.<\/p>\n<\/div>\n\t\t\t\t\t\t\n\t\t\t\t\t<div class=\"themestek-box-link themestek-vc_btn3\">\n\t\t\t\t\t\t<a class=\"themestek-vc_general themestek-vc_btn3 themestek-vc_btn3-size-md themestek-vc_btn3-shape-rounded themestek-vc_btn3-style-outline themestek-vc_btn3-weight-no themestek-vc_btn3-color-black\" href=\"https:\/\/caritasrwanda.org\/fr\/visa\/projet-ecd\/\"><span>Lire la suite<\/span><\/a>\n\t\t\t\t\t<\/div>\n\t\t\t\t<\/div>\n\t\t\t<\/div>\t\t\n\t\t<\/div>\n\t<\/div>\n<\/article><\/div><div class=\"themestek-box-col-wrapper col-lg-4 col-sm-6 col-md-4 col-xs-12 \"><article class=\"themestek-box themestek-box-service themestek-servicebox-style-2\">\n\t<div class=\"themestek-post-item\">\n\t\t\n\t\t<span class=\"themestek-item-thumbnail\">\n\t\t\t<span class=\"themestek-item-thumbnail-inner\">\n\t\t\t\t<img loading=\"lazy\" decoding=\"async\" width=\"800\" height=\"533\" src=\"https:\/\/caritasrwanda.org\/fr\/wp-content\/uploads\/2025\/03\/162A9519-A-800x533.jpg\" class=\"attachment-themestek-img-800x533 size-themestek-img-800x533 wp-post-image\" alt=\"\" data-id=\"15376\" \/>\n\t\t\t<\/span>\n\t\t<\/span>\t\t<div class=\"themestek-box-content\">\n            <div class=\"themestek-box-content-inner\">\n\t\t\t\t\t<div class=\"ts-ihbox-icon\">\n\t\t\t\t\t\t<i class=\"fa fa-map-marker\"><\/i>\t\t\t\t\t<\/div>\n\t\t\t\t <div class=\"themestek-des\">\n\t\t\t\t\t<h3><a href=\"https:\/\/caritasrwanda.org\/fr\/visa\/programme-dencadrement-economique-et-social-des-jeunes-vulnerables-des-dioceses-de-cyangugu-et-de-gikongoro-pees-2023-2026\/\">PROGRAMME D\u2019ENCADREMENT ECONOMIQUE ET SOCIAL DES JEUNES VULNERABLES DES DIOCESES DE CYANGUGU ET DE GIKONGORO (PEES) 2023-2026<\/a><\/h3>\n\t\t\t\t\t\t\t\t\t\t<div class=\"themestek-service-content\"><p>PEES, est un programme financ\u00e9 par le Secours Catholique\/Caritas France, qui a pour objectif d\u2019am\u00e9liorer les conditions de vie des jeunes vuln\u00e9rables des 19 paroisses du dioc\u00e8se de Gikongoro et 21 paroisses du dioc\u00e8se de Cyangugu.<\/p>\n<\/div>\n\t\t\t\t\t\t\n\t\t\t\t\t<div class=\"themestek-box-link themestek-vc_btn3\">\n\t\t\t\t\t\t<a class=\"themestek-vc_general themestek-vc_btn3 themestek-vc_btn3-size-md themestek-vc_btn3-shape-rounded themestek-vc_btn3-style-outline themestek-vc_btn3-weight-no themestek-vc_btn3-color-black\" href=\"https:\/\/caritasrwanda.org\/fr\/visa\/programme-dencadrement-economique-et-social-des-jeunes-vulnerables-des-dioceses-de-cyangugu-et-de-gikongoro-pees-2023-2026\/\"><span>Lire la suite<\/span><\/a>\n\t\t\t\t\t<\/div>\n\t\t\t\t<\/div>\n\t\t\t<\/div>\t\t\n\t\t<\/div>\n\t<\/div>\n<\/article><\/div><div class=\"themestek-box-col-wrapper col-lg-4 col-sm-6 col-md-4 col-xs-12 \"><article class=\"themestek-box themestek-box-service themestek-servicebox-style-2\">\n\t<div class=\"themestek-post-item\">\n\t\t\n\t\t<span class=\"themestek-item-thumbnail\">\n\t\t\t<span class=\"themestek-item-thumbnail-inner\">\n\t\t\t\t<img loading=\"lazy\" decoding=\"async\" width=\"800\" height=\"533\" src=\"https:\/\/caritasrwanda.org\/fr\/wp-content\/uploads\/2024\/08\/WhatsApp-Image-2024-03-07-at-12.16.01-800x533.jpeg\" class=\"attachment-themestek-img-800x533 size-themestek-img-800x533 wp-post-image\" alt=\"\" data-id=\"15206\" \/>\n\t\t\t<\/span>\n\t\t<\/span>\t\t<div class=\"themestek-box-content\">\n            <div class=\"themestek-box-content-inner\">\n\t\t\t\t\t<div class=\"ts-ihbox-icon\">\n\t\t\t\t\t\t<i class=\"fa fa-map-marker\"><\/i>\t\t\t\t\t<\/div>\n\t\t\t\t <div class=\"themestek-des\">\n\t\t\t\t\t<h3><a href=\"https:\/\/caritasrwanda.org\/fr\/visa\/le-projet-gera-ku-ntego-gkn\/\">Le Projet Gera Ku Ntego (GKN)<\/a><\/h3>\n\t\t\t\t\t\t\t\t\t\t<div class=\"themestek-service-content\"><p>Le projet pour les jeunes Gera Ku Ntego (GKN) est un projet initi\u00e9 par le CRS visant \u00e0 renforcer une voie durable pour mettre \u00e0 l&#8217;\u00e9chelle des approches pour les jeunes qui r\u00e9pondent aux besoins, aux opportunit\u00e9s et aux priorit\u00e9s au Rwanda.<\/p>\n<\/div>\n\t\t\t\t\t\t\n\t\t\t\t\t<div class=\"themestek-box-link themestek-vc_btn3\">\n\t\t\t\t\t\t<a class=\"themestek-vc_general themestek-vc_btn3 themestek-vc_btn3-size-md themestek-vc_btn3-shape-rounded themestek-vc_btn3-style-outline themestek-vc_btn3-weight-no themestek-vc_btn3-color-black\" href=\"https:\/\/caritasrwanda.org\/fr\/visa\/le-projet-gera-ku-ntego-gkn\/\"><span>Lire la suite<\/span><\/a>\n\t\t\t\t\t<\/div>\n\t\t\t\t<\/div>\n\t\t\t<\/div>\t\t\n\t\t<\/div>\n\t<\/div>\n<\/article><\/div><div class=\"themestek-box-col-wrapper col-lg-4 col-sm-6 col-md-4 col-xs-12 \"><article class=\"themestek-box themestek-box-service themestek-servicebox-style-2\">\n\t<div class=\"themestek-post-item\">\n\t\t\n\t\t<span class=\"themestek-item-thumbnail\">\n\t\t\t<span class=\"themestek-item-thumbnail-inner\">\n\t\t\t\t<img loading=\"lazy\" decoding=\"async\" width=\"800\" height=\"533\" src=\"https:\/\/caritasrwanda.org\/fr\/wp-content\/uploads\/2022\/10\/WhatsApp-Image-2024-07-05-at-13.09.35-11-800x533.jpeg\" class=\"attachment-themestek-img-800x533 size-themestek-img-800x533 wp-post-image\" alt=\"\" data-id=\"15179\" \/>\n\t\t\t<\/span>\n\t\t<\/span>\t\t<div class=\"themestek-box-content\">\n            <div class=\"themestek-box-content-inner\">\n\t\t\t\t\t<div class=\"ts-ihbox-icon\">\n\t\t\t\t\t\t<i class=\"fa fa-map-marker\"><\/i>\t\t\t\t\t<\/div>\n\t\t\t\t <div class=\"themestek-des\">\n\t\t\t\t\t<h3><a href=\"https:\/\/caritasrwanda.org\/fr\/visa\/projet-tube-aheza-amazi-hafi\/\">PROJET TUBEHO NEZA AHEZA<\/a><\/h3>\n\t\t\t\t\t\t\t\t\t\t<div class=\"themestek-service-content\"><p>Avec le soutien conjoint du minist\u00e8re des Affaires \u00e9trang\u00e8res de la R\u00e9publique de Slov\u00e9nie et de Caritas Slov\u00e9nie, Caritas Rwanda et<\/p>\n<\/div>\n\t\t\t\t\t\t\n\t\t\t\t\t<div class=\"themestek-box-link themestek-vc_btn3\">\n\t\t\t\t\t\t<a class=\"themestek-vc_general themestek-vc_btn3 themestek-vc_btn3-size-md themestek-vc_btn3-shape-rounded themestek-vc_btn3-style-outline themestek-vc_btn3-weight-no themestek-vc_btn3-color-black\" href=\"https:\/\/caritasrwanda.org\/fr\/visa\/projet-tube-aheza-amazi-hafi\/\"><span>Lire la suite<\/span><\/a>\n\t\t\t\t\t<\/div>\n\t\t\t\t<\/div>\n\t\t\t<\/div>\t\t\n\t\t<\/div>\n\t<\/div>\n<\/article><\/div><div class=\"themestek-box-col-wrapper col-lg-4 col-sm-6 col-md-4 col-xs-12 \"><article class=\"themestek-box themestek-box-service themestek-servicebox-style-2\">\n\t<div class=\"themestek-post-item\">\n\t\t\n\t\t<span class=\"themestek-item-thumbnail\">\n\t\t\t<span class=\"themestek-item-thumbnail-inner\">\n\t\t\t\t<img loading=\"lazy\" decoding=\"async\" width=\"800\" height=\"533\" src=\"https:\/\/caritasrwanda.org\/fr\/wp-content\/uploads\/2022\/10\/162A8438-A-800x533.jpg\" class=\"attachment-themestek-img-800x533 size-themestek-img-800x533 wp-post-image\" alt=\"\" data-id=\"14670\" \/>\n\t\t\t<\/span>\n\t\t<\/span>\t\t<div class=\"themestek-box-content\">\n            <div class=\"themestek-box-content-inner\">\n\t\t\t\t\t<div class=\"ts-ihbox-icon\">\n\t\t\t\t\t\t<i class=\"fa fa-map-marker\"><\/i>\t\t\t\t\t<\/div>\n\t\t\t\t <div class=\"themestek-des\">\n\t\t\t\t\t<h3><a href=\"https:\/\/caritasrwanda.org\/fr\/visa\/projet-osc\/\">PROJET OSC<\/a><\/h3>\n\t\t\t\t\t\t\t\t\t\t<div class=\"themestek-service-content\"><p>Le d\u00e9partement des \u0153uvres socio caritatives nait avec la Caritas, car il est m\u00eame la raison d\u2019\u00eatre de celle-ci. Il est venu comme une r\u00e9ponse \u00e0 des mis\u00e8res des ann\u00e9es 1959 au Rwanda.<\/p>\n<\/div>\n\t\t\t\t\t\t\n\t\t\t\t\t<div class=\"themestek-box-link themestek-vc_btn3\">\n\t\t\t\t\t\t<a class=\"themestek-vc_general themestek-vc_btn3 themestek-vc_btn3-size-md themestek-vc_btn3-shape-rounded themestek-vc_btn3-style-outline themestek-vc_btn3-weight-no themestek-vc_btn3-color-black\" href=\"https:\/\/caritasrwanda.org\/fr\/visa\/projet-osc\/\"><span>Lire la suite<\/span><\/a>\n\t\t\t\t\t<\/div>\n\t\t\t\t<\/div>\n\t\t\t<\/div>\t\t\n\t\t<\/div>\n\t<\/div>\n<\/article><\/div><div class=\"themestek-box-col-wrapper col-lg-4 col-sm-6 col-md-4 col-xs-12 \"><article class=\"themestek-box themestek-box-service themestek-servicebox-style-2\">\n\t<div class=\"themestek-post-item\">\n\t\t\n\t\t<span class=\"themestek-item-thumbnail\">\n\t\t\t<span class=\"themestek-item-thumbnail-inner\">\n\t\t\t\t<img loading=\"lazy\" decoding=\"async\" width=\"800\" height=\"533\" src=\"https:\/\/caritasrwanda.org\/fr\/wp-content\/uploads\/2022\/10\/162A4327-A-800x533.jpg\" class=\"attachment-themestek-img-800x533 size-themestek-img-800x533 wp-post-image\" alt=\"\" data-id=\"14671\" \/>\n\t\t\t<\/span>\n\t\t<\/span>\t\t<div class=\"themestek-box-content\">\n            <div class=\"themestek-box-content-inner\">\n\t\t\t\t\t<div class=\"ts-ihbox-icon\">\n\t\t\t\t\t\t<i class=\"fa fa-map-marker\"><\/i>\t\t\t\t\t<\/div>\n\t\t\t\t <div class=\"themestek-des\">\n\t\t\t\t\t<h3><a href=\"https:\/\/caritasrwanda.org\/fr\/visa\/gikuriro-kuri-bose\/\">GIKURIRO KURI BOSE<\/a><\/h3>\n\t\t\t\t\t\t\t\t\t\t<div class=\"themestek-service-content\"><p>Le Programme de Nutrition Inclusive et de l\u2019Enfance (Gikuriro Kuri Bose) est un programme de 5 ans financ\u00e9 par l&#8217;USAID (2021-2026)<\/p>\n<\/div>\n\t\t\t\t\t\t\n\t\t\t\t\t<div class=\"themestek-box-link themestek-vc_btn3\">\n\t\t\t\t\t\t<a class=\"themestek-vc_general themestek-vc_btn3 themestek-vc_btn3-size-md themestek-vc_btn3-shape-rounded themestek-vc_btn3-style-outline themestek-vc_btn3-weight-no themestek-vc_btn3-color-black\" href=\"https:\/\/caritasrwanda.org\/fr\/visa\/gikuriro-kuri-bose\/\"><span>Lire la suite<\/span><\/a>\n\t\t\t\t\t<\/div>\n\t\t\t\t<\/div>\n\t\t\t<\/div>\t\t\n\t\t<\/div>\n\t<\/div>\n<\/article><\/div><div class=\"themestek-box-col-wrapper col-lg-4 col-sm-6 col-md-4 col-xs-12 \"><article class=\"themestek-box themestek-box-service themestek-servicebox-style-2\">\n\t<div class=\"themestek-post-item\">\n\t\t\n\t\t<span class=\"themestek-item-thumbnail\">\n\t\t\t<span class=\"themestek-item-thumbnail-inner\">\n\t\t\t\t<img loading=\"lazy\" decoding=\"async\" width=\"800\" height=\"533\" src=\"https:\/\/caritasrwanda.org\/fr\/wp-content\/uploads\/2022\/08\/1-800x533.jpg\" class=\"attachment-themestek-img-800x533 size-themestek-img-800x533 wp-post-image\" alt=\"\" data-id=\"14598\" \/>\n\t\t\t<\/span>\n\t\t<\/span>\t\t<div class=\"themestek-box-content\">\n            <div class=\"themestek-box-content-inner\">\n\t\t\t\t\t<div class=\"ts-ihbox-icon\">\n\t\t\t\t\t\t<i class=\"fa fa-map-marker\"><\/i>\t\t\t\t\t<\/div>\n\t\t\t\t <div class=\"themestek-des\">\n\t\t\t\t\t<h3><a href=\"https:\/\/caritasrwanda.org\/fr\/visa\/projet-graduation\/\">PROJET \u00ab\u00a0GRADUATION\u00a0\u00bb<\/a><\/h3>\n\t\t\t\t\t\t\t\t\t\t<div class=\"themestek-service-content\"><p>Ce projet intitul\u00e9 &#8220;Projet de Graduation\u00a0: Voies vers l&#8217;inclusion \u00e9conomique et l&#8217;autosuffisance des r\u00e9fugi\u00e9s et de leurs communaut\u00e9s d&#8217;accueil au RWANDA&#8221;<\/p>\n<\/div>\n\t\t\t\t\t\t\n\t\t\t\t\t<div class=\"themestek-box-link themestek-vc_btn3\">\n\t\t\t\t\t\t<a class=\"themestek-vc_general themestek-vc_btn3 themestek-vc_btn3-size-md themestek-vc_btn3-shape-rounded themestek-vc_btn3-style-outline themestek-vc_btn3-weight-no themestek-vc_btn3-color-black\" href=\"https:\/\/caritasrwanda.org\/fr\/visa\/projet-graduation\/\"><span>Lire la suite<\/span><\/a>\n\t\t\t\t\t<\/div>\n\t\t\t\t<\/div>\n\t\t\t<\/div>\t\t\n\t\t<\/div>\n\t<\/div>\n<\/article><\/div><div class=\"themestek-box-col-wrapper col-lg-4 col-sm-6 col-md-4 col-xs-12 \"><article class=\"themestek-box themestek-box-service themestek-servicebox-style-2\">\n\t<div class=\"themestek-post-item\">\n\t\t\n\t\t<span class=\"themestek-item-thumbnail\">\n\t\t\t<span class=\"themestek-item-thumbnail-inner\">\n\t\t\t\t<img loading=\"lazy\" decoding=\"async\" width=\"800\" height=\"533\" src=\"https:\/\/caritasrwanda.org\/fr\/wp-content\/uploads\/2022\/08\/162A8639-800x533.jpg\" class=\"attachment-themestek-img-800x533 size-themestek-img-800x533 wp-post-image\" alt=\"\" data-id=\"15533\" \/>\n\t\t\t<\/span>\n\t\t<\/span>\t\t<div class=\"themestek-box-content\">\n            <div class=\"themestek-box-content-inner\">\n\t\t\t\t\t<div class=\"ts-ihbox-icon\">\n\t\t\t\t\t\t<i class=\"fa fa-map-marker\"><\/i>\t\t\t\t\t<\/div>\n\t\t\t\t <div class=\"themestek-des\">\n\t\t\t\t\t<h3><a href=\"https:\/\/caritasrwanda.org\/fr\/visa\/projet-igire-gimbuka\/\">PROGRAMME IGIRE-GIMBUKA<\/a><\/h3>\n\t\t\t\t\t\t\t\t\t\t<div class=\"themestek-service-content\"><p>\u00ab\u00a0IGIRE-GIMBUKA\u00a0\u00bb ou \u00ab\u00a0Soyez r\u00e9silient, soyez autonome\u00a0\u00bb, est un programme OVC (Enfant orphelins ou rendus plus vuln\u00e9rables \u00e0 cause du VIH\/SIDA) de cinq ans qui vise \u00e0 atteindre 80 000 OVC<\/p>\n<\/div>\n\t\t\t\t\t\t\n\t\t\t\t\t<div class=\"themestek-box-link themestek-vc_btn3\">\n\t\t\t\t\t\t<a class=\"themestek-vc_general themestek-vc_btn3 themestek-vc_btn3-size-md themestek-vc_btn3-shape-rounded themestek-vc_btn3-style-outline themestek-vc_btn3-weight-no themestek-vc_btn3-color-black\" href=\"https:\/\/caritasrwanda.org\/fr\/visa\/projet-igire-gimbuka\/\"><span>Lire la suite<\/span><\/a>\n\t\t\t\t\t<\/div>\n\t\t\t\t<\/div>\n\t\t\t<\/div>\t\t\n\t\t<\/div>\n\t<\/div>\n<\/article><\/div><div class=\"themestek-box-col-wrapper col-lg-4 col-sm-6 col-md-4 col-xs-12 \"><article class=\"themestek-box themestek-box-service themestek-servicebox-style-2\">\n\t<div class=\"themestek-post-item\">\n\t\t\n\t\t<span class=\"themestek-item-thumbnail\">\n\t\t\t<span class=\"themestek-item-thumbnail-inner\">\n\t\t\t\t<img loading=\"lazy\" decoding=\"async\" width=\"800\" height=\"533\" src=\"https:\/\/caritasrwanda.org\/fr\/wp-content\/uploads\/2022\/08\/3-800x533.jpg\" class=\"attachment-themestek-img-800x533 size-themestek-img-800x533 wp-post-image\" alt=\"\" data-id=\"14601\" \/>\n\t\t\t<\/span>\n\t\t<\/span>\t\t<div class=\"themestek-box-content\">\n            <div class=\"themestek-box-content-inner\">\n\t\t\t\t\t<div class=\"ts-ihbox-icon\">\n\t\t\t\t\t\t<i class=\"fa fa-map-marker\"><\/i>\t\t\t\t\t<\/div>\n\t\t\t\t <div class=\"themestek-des\">\n\t\t\t\t\t<h3><a href=\"https:\/\/caritasrwanda.org\/fr\/visa\/pac-project\/\">PAC PROJECT<\/a><\/h3>\n\t\t\t\t\t\t\t\t\t\t<div class=\"themestek-service-content\"><p>Le projet intitul\u00e9 \u201cAtt\u00e9nuer la pauvret\u00e9 des r\u00e9fugi\u00e9s vuln\u00e9rables et des membres de la communaut\u00e9 d&#8217;accueil gr\u00e2ce \u00e0 des moyens de subsistance durables et \u00e0 l&#8217;autonomie en suivant l&#8217;approche de graduation\u201d<\/p>\n<\/div>\n\t\t\t\t\t\t\n\t\t\t\t\t<div class=\"themestek-box-link themestek-vc_btn3\">\n\t\t\t\t\t\t<a class=\"themestek-vc_general themestek-vc_btn3 themestek-vc_btn3-size-md themestek-vc_btn3-shape-rounded themestek-vc_btn3-style-outline themestek-vc_btn3-weight-no themestek-vc_btn3-color-black\" href=\"https:\/\/caritasrwanda.org\/fr\/visa\/pac-project\/\"><span>Lire la suite<\/span><\/a>\n\t\t\t\t\t<\/div>\n\t\t\t\t<\/div>\n\t\t\t<\/div>\t\t\n\t\t<\/div>\n\t<\/div>\n<\/article><\/div>\n\t\t\t<\/div>\n\t\t<\/div><!-- .themestek-boxes-inner -->   <\/div><!-- .themestek-boxes -->  [\/vc_column][\/vc_row][vc_row][vc_column][vc_row_inner gap=&#8221;0px&#8221; css=&#8221;.vc_custom_1661249670325{padding-bottom: 20px !important;}&#8221;][vc_column_inner width=&#8221;1\/2&#8243;]<div class=\"themestek-element-heading-wrapper themestek-heading-inner themestek-element-align-left themestek-seperator-none \"><section class=\"themestek-vc_cta3-container\"><div class=\"themestek-vc_general themestek-vc_cta3 themestek-cta3-only themestek-vc_cta3-style-classic themestek-vc_cta3-shape-rounded themestek-vc_cta3-align-left themestek-vc_cta3-color-transparent themestek-vc_cta3-icon-size-md themestek-vc_cta3-actions-no themestek-cta3-without-desc\"><div class=\"themestek-vc_cta3_content-container\"><div class=\"themestek-vc_cta3-content\"><div class=\"themestek-vc_cta3-content-header themestek-wrap\"><div class=\"themestek-vc_cta3-headers themestek-wrap-cell\"><h4 class=\"themestek-custom-heading \" >Informations recents<\/h4>\n<h2 class=\"themestek-custom-heading \" >Plus d\u2019articles sur Caritas Rwanda<\/h2>\n<\/div><\/div><\/div><\/div><\/div><\/section><\/div> <!-- .themestek-element-heading-wrapper container --> [\/vc_column_inner][vc_column_inner width=&#8221;1\/2&#8243; css=&#8221;.vc_custom_1579674603328{margin-top: 35px !important;}&#8221; themestek_responsive_css=&#8221;74839650|colbreak_no|||||||||colbreak_no|||||||||colbreak_no|0|||||||||colbreak_no|||||||||&#8221;][vc_column_text]<\/p>\n<h6 class=\"title\">CARITAS RWANDA: Promouvoir la dignit\u00e9 humaine \u00e0 tout l\u2019homme et tout homme.<\/h6>\n<p>[\/vc_column_text][\/vc_column_inner][\/vc_row_inner][vc_column_text]<style type='text\/css' media='all'>#rt-tpg-container-2354452245 .rt-holder .rt-woo-info .price{color:#282828;}body .rt-tpg-container .rt-tpg-isotope-buttons .selected,\n\t\t\t\t\t#rt-tpg-container-2354452245 .layout12 .rt-holder:hover .rt-detail,\n\t\t\t\t\t#rt-tpg-container-2354452245 .isotope8 .rt-holder:hover .rt-detail,\n\t\t\t\t\t#rt-tpg-container-2354452245 .carousel8 .rt-holder:hover .rt-detail,\n\t\t\t\t\t#rt-tpg-container-2354452245 .layout13 .rt-holder .overlay .post-info,\n\t\t\t\t\t#rt-tpg-container-2354452245 .isotope9 .rt-holder .overlay .post-info,\n\t\t\t\t\t#rt-tpg-container-2354452245.rt-tpg-container .layout4 .rt-holder .rt-detail,\n\t\t\t\t\t.rt-modal-2354452245 .md-content,\n\t\t\t\t\t.rt-modal-2354452245 .md-content > .rt-md-content-holder .rt-md-content,\n\t\t\t\t\t.rt-popup-wrap-2354452245.rt-popup-wrap .rt-popup-navigation-wrap,\n\t\t\t\t\t#rt-tpg-container-2354452245 .carousel9 .rt-holder .overlay .post-info{background-color:#282828;}#rt-tpg-container-2354452245 .layout5 .rt-holder .overlay, #rt-tpg-container-2354452245 .isotope2 .rt-holder .overlay, #rt-tpg-container-2354452245 .carousel2 .rt-holder .overlay,#rt-tpg-container-2354452245 .layout15 .rt-holder h3, #rt-tpg-container-2354452245 .isotope11 .rt-holder h3, #rt-tpg-container-2354452245 .carousel11 .rt-holder h3, #rt-tpg-container-2354452245 .layout16 .rt-holder h3,\n\t\t\t\t\t#rt-tpg-container-2354452245 .isotope12 .rt-holder h3, #rt-tpg-container-2354452245 .carousel12 .rt-holder h3 {background-color:rgba(40,40,40,0.8);}#rt-tpg-container-2354452245 .pagination-list li a,\n\t\t\t\t\trt-tpg-container-2354452245 .pagination-list li span,\n\t\t\t\t\trt-tpg-container-2354452245 .pagination li a,\n\t\t\t\t\t#rt-tpg-container-2354452245 .rt-tpg-isotope-buttons button,\n\t\t\t\t\t#rt-tpg-container-2354452245 .rt-tpg-utility .rt-tpg-load-more button,\n\t\t\t\t\t#rt-tpg-container-2354452245.rt-tpg-container .swiper-navigation .slider-btn,\n\t\t\t\t\t#rt-tpg-container-2354452245.rt-tpg-container .swiper-pagination-bullet,\n\t\t\t\t\t#rt-tpg-container-2354452245 .wc1 .rt-holder .rt-img-holder .overlay .product-more ul li a,\n\t\t\t\t\t#rt-tpg-container-2354452245 .wc2 .rt-detail .rt-wc-add-to-cart,\n\t\t\t\t\t#rt-tpg-container-2354452245 .wc3 .rt-detail .rt-wc-add-to-cart,\n\t\t\t\t\t#rt-tpg-container-2354452245 .wc4 .rt-detail .rt-wc-add-to-cart,\n\t\t\t\t\t#rt-tpg-container-2354452245 .wc-carousel2 .rt-detail .rt-wc-add-to-cart,\n\t\t\t\t\t#rt-tpg-container-2354452245 .wc-isotope2 .rt-detail .rt-wc-add-to-cart,\n\t\t\t\t\t#rt-tpg-container-2354452245 .rt-layout-filter-container .rt-filter-wrap .rt-filter-item-wrap.rt-filter-dropdown-wrap .rt-filter-dropdown,\n\t\t\t\t\t#rt-tpg-container-2354452245 .rt-layout-filter-container .rt-filter-sub-tax.sub-button-group .rt-filter-button-item,\n\t\t\t\t\t#rt-tpg-container-2354452245.rt-tpg-container .rt-pagination-wrap .rt-page-numbers .paginationjs .paginationjs-pages ul li>a,\n\t\t\t\t\t#rt-tpg-container-2354452245 .rt-filter-item-wrap.rt-filter-button-wrap span.rt-filter-button-item,\n\t\t\t\t\t#rt-tpg-container-2354452245.rt-tpg-container .rt-pagination-wrap  .rt-loadmore-btn,\n\t\t\t\t\t#rt-tpg-container-2354452245.rt-tpg-container .rt-pagination-wrap .rt-cb-page-prev-next > *,\n\t\t\t\t\t#rt-tpg-container-2354452245 .rt-read-more,\n\t\t\t\t\t#rt-tooltip-2354452245, #rt-tooltip-2354452245 .rt-tooltip-bottom:after{background-color:#973a4b;}#rt-tpg-container-2354452245 .rt-filter-item-wrap.rt-filter-button-wrap span.rt-filter-button-item,\n\t\t\t\t\t#rt-tpg-container-2354452245 .rt-layout-filter-container .rt-filter-sub-tax.sub-button-group .rt-filter-button-item{border-color:#973a4b;}#rt-tpg-container-2354452245.rt-tpg-container .layout17 .rt-holder .overlay a.tpg-zoom .fa{color:#973a4b;}#rt-tpg-container-2354452245 .rt-holder .read-more a {background-color:#973a4b;padding: 8px 15px;}#rt-tpg-container-2354452245 .pagination li.active span,\n\t\t\t\t\t#rt-tpg-container-2354452245 .pagination-list li.active span,\n\t\t\t\t\t#rt-tpg-container-2354452245 .rt-tpg-isotope-buttons button.selected,\n\t\t\t\t\t#rt-tpg-container-2354452245 .rt-filter-item-wrap.rt-filter-button-wrap span.rt-filter-button-item.selected,\n\t\t\t\t\t#rt-tpg-container-2354452245 .rt-layout-filter-container .rt-filter-sub-tax.sub-button-group .rt-filter-button-item.selected,\n\t\t\t\t\t#rt-tpg-container-2354452245.rt-tpg-container .rt-pagination-wrap .rt-page-numbers .paginationjs .paginationjs-pages ul li.active>a,\n\t\t\t\t\t#rt-tpg-container-2354452245.rt-tpg-container .swiper-pagination-bullet.swiper-pagination-bullet-active-main{background-color:#231f20;}#rt-tpg-container-2354452245 .rt-filter-item-wrap.rt-filter-button-wrap span.rt-filter-button-item.selected,\n\t\t\t\t\t#rt-tpg-container-2354452245 .rt-layout-filter-container .rt-filter-sub-tax.sub-button-group .rt-filter-button-item.selected,\n\t\t\t\t\t#rt-tpg-container-2354452245.rt-tpg-container .rt-pagination-wrap .rt-page-numbers .paginationjs .paginationjs-pages ul li.active>a{border-color:#231f20;}#rt-tpg-container-2354452245 .pagination-list li a:hover,\n\t\t\t\t\t#rt-tpg-container-2354452245 .pagination li a:hover,\n\t\t\t\t\t#rt-tpg-container-2354452245 .rt-tpg-isotope-buttons button:hover,\n\t\t\t\t\t#rt-tpg-container-2354452245 .rt-holder .read-more a:hover,\n\t\t\t\t\t#rt-tpg-container-2354452245 .rt-tpg-utility .rt-tpg-load-more button:hover,\n\t\t\t\t\t#rt-tpg-container-2354452245.rt-tpg-container .swiper-pagination-bullet:hover,\n\t\t\t\t\t#rt-tpg-container-2354452245.rt-tpg-container .swiper-navigation .slider-btn:hover,\n\t\t\t\t\t#rt-tpg-container-2354452245 .wc1 .rt-holder .rt-img-holder .overlay .product-more ul li a:hover,\n\t\t\t\t\t#rt-tpg-container-2354452245 .wc2 .rt-detail .rt-wc-add-to-cart:hover,\n\t\t\t\t\t#rt-tpg-container-2354452245 .wc3 .rt-detail .rt-wc-add-to-cart:hover,\n\t\t\t\t\t#rt-tpg-container-2354452245 .wc4 .rt-detail .rt-wc-add-to-cart:hover,\n\t\t\t\t\t#rt-tpg-container-2354452245 .wc-carousel2 .rt-detail .rt-wc-add-to-cart:hover,\n\t\t\t\t\t#rt-tpg-container-2354452245 .wc-isotope2 .rt-detail .rt-wc-add-to-cart:hover,\n\t\t\t\t\t#rt-tpg-container-2354452245 .rt-layout-filter-container .rt-filter-wrap .rt-filter-item-wrap.rt-filter-dropdown-wrap .rt-filter-dropdown .rt-filter-dropdown-item:hover,\n\t\t\t\t\t#rt-tpg-container-2354452245 .rt-layout-filter-container .rt-filter-wrap .rt-filter-item-wrap.rt-filter-dropdown-wrap .rt-filter-dropdown .rt-filter-dropdown-item.selected,\n\t\t\t\t\t#rt-tpg-container-2354452245 .rt-filter-item-wrap.rt-filter-button-wrap span.rt-filter-button-item:hover,\n\t\t\t\t\t#rt-tpg-container-2354452245 .rt-layout-filter-container .rt-filter-sub-tax.sub-button-group .rt-filter-button-item:hover,\n\t\t\t\t\t#rt-tpg-container-2354452245.rt-tpg-container .rt-pagination-wrap .rt-page-numbers .paginationjs .paginationjs-pages ul li>a:hover,\n\t\t\t\t\t#rt-tpg-container-2354452245.rt-tpg-container .rt-pagination-wrap .rt-cb-page-prev-next > *:hover,\n\t\t\t\t\t#rt-tpg-container-2354452245.rt-tpg-container .rt-pagination-wrap  .rt-loadmore-btn:hover,\n\t\t\t\t\t#rt-tpg-container-2354452245 .rt-read-more:hover,\n\t\t\t\t\t#rt-tpg-container-2354452245 .rt-tpg-utility .rt-tpg-load-more button:hover{background-color:#231f20;}#rt-tpg-container-2354452245 .rt-filter-item-wrap.rt-filter-button-wrap span.rt-filter-button-item:hover,\n\t\t\t\t\t\t#rt-tpg-container-2354452245 .rt-layout-filter-container .rt-filter-sub-tax.sub-button-group .rt-filter-button-item:hover,\n\t\t\t\t\t\t#rt-tpg-container-2354452245.rt-tpg-container .swiper-navigation .slider-btn:hover,\n\t\t\t\t\t\t#rt-tpg-container-2354452245.rt-tpg-container .rt-pagination-wrap .rt-page-numbers .paginationjs .paginationjs-pages ul li>a:hover{border-color:#231f20;}#rt-tpg-container-2354452245.rt-tpg-container .layout17 .rt-holder .overlay a.tpg-zoom:hover .fa{color:#231f20;}#rt-tpg-container-2354452245 .pagination-list li a,\n\t\t\t\t\t#rt-tpg-container-2354452245 .pagination li a,\n\t\t\t\t\t#rt-tpg-container-2354452245 .rt-tpg-isotope-buttons button,\n\t\t\t\t\t#rt-tpg-container-2354452245 .rt-holder .read-more a,\n\t\t\t\t\t#rt-tpg-container-2354452245 .rt-tpg-utility .rt-tpg-load-more button,\n\t\t\t\t\t#rt-tpg-container-2354452245.rt-tpg-container .swiper-navigation .slider-btn,\n\t\t\t\t\t#rt-tpg-container-2354452245 .wc1 .rt-holder .rt-img-holder .overlay .product-more ul li a,\n\t\t\t\t\t#rt-tpg-container-2354452245 .edd1 .rt-holder .rt-img-holder .overlay .product-more ul li a,\n\t\t\t\t\t#rt-tpg-container-2354452245 .wc2 .rt-detail .rt-wc-add-to-cart,\n\t\t\t\t\t#rt-tpg-container-2354452245 .wc3 .rt-detail .rt-wc-add-to-cart,\n\t\t\t\t\t#rt-tpg-container-2354452245 .edd2 .rt-detail .rt-wc-add-to-cart,\n\t\t\t\t\t#rt-tpg-container-2354452245 .wc4 .rt-detail .rt-wc-add-to-cart,\n\t\t\t\t\t#rt-tpg-container-2354452245 .edd3 .rt-detail .rt-wc-add-to-cart,\n\t\t\t\t\t#rt-tpg-container-2354452245 .wc-carousel2 .rt-detail .rt-wc-add-to-cart,\n\t\t\t\t\t#rt-tpg-container-2354452245 .wc-isotope2 .rt-detail .rt-wc-add-to-cart,\n\t\t\t\t\t#rt-tpg-container-2354452245 .rt-tpg-utility .rt-tpg-load-more button,\n\t\t\t\t\t#rt-tooltip-2354452245,\n\t\t\t\t\t#rt-tpg-container-2354452245 .rt-filter-item-wrap.rt-filter-button-wrap span.rt-filter-button-item,\n\t\t\t\t\t#rt-tpg-container-2354452245 .rt-layout-filter-container .rt-filter-sub-tax.sub-button-group .rt-filter-button-item,\n\t\t\t\t\t#rt-tpg-container-2354452245 .rt-layout-filter-container .rt-filter-wrap .rt-filter-item-wrap.rt-sort-order-action,\n\t\t\t\t\t#rt-tpg-container-2354452245 .rt-layout-filter-container .rt-filter-wrap .rt-filter-item-wrap.rt-filter-dropdown-wrap .rt-filter-dropdown .rt-filter-dropdown-item,\n\t\t\t\t\t#rt-tpg-container-2354452245.rt-tpg-container .rt-pagination-wrap .rt-page-numbers .paginationjs .paginationjs-pages ul li>a,\n\t\t\t\t\t#rt-tpg-container-2354452245.rt-tpg-container .rt-pagination-wrap .rt-cb-page-prev-next > *,\n\t\t\t\t\t#rt-tpg-container-2354452245.rt-tpg-container .rt-pagination-wrap  .rt-loadmore-btn,\n\t\t\t\t\t#rt-tpg-container-2354452245 .rt-read-more,\n\t\t\t\t\t#rt-tooltip-2354452245 .rt-tooltip-bottom:after{color:#ffffff;}#rt-tpg-container-2354452245 .rt-filter-item-wrap.rt-filter-button-wrap span.rt-filter-button-item:hover,\n\t\t\t\t\t#rt-tpg-container-2354452245 .rt-holder .read-more a:hover,\n\t\t\t\t\t#rt-tpg-container-2354452245.rt-tpg-container .swiper-navigation .slider-btn:hover,\n\t\t\t\t\t#rt-tpg-container-2354452245 .rt-layout-filter-container .rt-filter-sub-tax.sub-button-group .rt-filter-button-item:hover,\n\t\t\t\t\t#rt-tpg-container-2354452245 .rt-layout-filter-container .rt-filter-wrap .rt-filter-item-wrap.rt-filter-dropdown-wrap .rt-filter-dropdown .rt-filter-dropdown-item:hover,\n\t\t\t\t\t#rt-tpg-container-2354452245 .rt-layout-filter-container .rt-filter-wrap .rt-filter-item-wrap.rt-filter-dropdown-wrap .rt-filter-dropdown .rt-filter-dropdown-item.selected,\n\t\t\t\t\t#rt-tpg-container-2354452245 .rt-layout-filter-container .rt-filter-wrap .rt-filter-item-wrap.rt-sort-order-action:hover,\n\t\t\t\t\t#rt-tpg-container-2354452245.rt-tpg-container .rt-pagination-wrap .rt-page-numbers .paginationjs .paginationjs-pages ul li.active>a:hover,\n\t\t\t\t\t#rt-tpg-container-2354452245 .rt-filter-item-wrap.rt-filter-button-wrap span.rt-filter-button-item.selected,\n\t\t\t\t\t#rt-tpg-container-2354452245 .rt-layout-filter-container .rt-filter-wrap .rt-filter-item-wrap.rt-sort-order-action,\n\t\t\t\t\t#rt-tpg-container-2354452245.rt-tpg-container .rt-pagination-wrap  .rt-loadmore-btn:hover,\n\t\t\t\t\t#rt-tpg-container-2354452245 .rt-read-more:hover,\n\t\t\t\t\t#rt-tpg-container-2354452245.rt-tpg-container .rt-pagination-wrap .rt-page-numbers .paginationjs .paginationjs-pages ul li.active>a{color:#ffffff;}#rt-tpg-container-2354452245 .read-more a{border-radius:5px;}#rt-tpg-container-2354452245 .rt-img-holder img.rt-img-responsive,#rt-tpg-container-2354452245 .rt-img-holder,\n\t\t\t\t\t#rt-tpg-container-2354452245 .rt-post-overlay .post-img,\n\t\t\t\t\t#rt-tpg-container-2354452245 .post-sm .post-img,\n\t\t\t\t\t#rt-tpg-container-2354452245 .rt-post-grid .post-img,\n\t\t\t\t\t#rt-tpg-container-2354452245 .post-img img {border-radius:5px;}<\/style><div class='rt-container-fluid rt-tpg-container tpg-shortcode-main-wrapper ' id='rt-tpg-container-2354452245'   data-layout='layout12' data-grid-style='even' data-desktop-col='3'  data-tab-col='2'  data-mobile-col='1' data-sc-id='14540'><div data-title='Loading ...' class='rt-row rt-content-loader layout12 tpg-even '><div class=\"rt-col-md-4 rt-col-sm-6 rt-col-xs-12 even-grid-item rt-grid-item\" data-id=\"15630\"><div class=\"rt-holder\"><div class=\"rt-img-holder\"><a data-id='15630' class='' href='https:\/\/caritasrwanda.org\/fr\/caritas-rwanda-a-fait-une-seance-de-sensibilisation-au-grand-seminaire-saint-joseph-de-rutongo\/'><img loading=\"lazy\" decoding=\"async\" width=\"2560\" height=\"1707\" src=\"https:\/\/caritasrwanda.org\/fr\/wp-content\/uploads\/2026\/04\/162A9350-scaled.jpg\" class=\"rt-img-responsive \" alt=\"\" data-id=\"15631\" \/><\/a><\/div> <div class='rt-detail'><div class='post-meta-user '><span class='date-meta'><i class='far fa-calendar-alt'><\/i>April 24, 2026<\/span><span class='author'><i class='fa fa-user'><\/i><a href=\"https:\/\/caritasrwanda.org\/fr\/author\/admin\/\">admin<\/a><\/span><\/div><h4 class=\"entry-title\"><a data-id=\"15630\" class=\"\" href=\"https:\/\/caritasrwanda.org\/fr\/caritas-rwanda-a-fait-une-seance-de-sensibilisation-au-grand-seminaire-saint-joseph-de-rutongo\/\">Caritas Rwanda a fait une s\u00e9ance de sensibilisation au Grand S\u00e9minaire Saint Joseph de Rutongo<\/a><\/h4><div class='post-meta '><span class='read-more'><a data-id='15630' class='' href='https:\/\/caritasrwanda.org\/fr\/caritas-rwanda-a-fait-une-seance-de-sensibilisation-au-grand-seminaire-saint-joseph-de-rutongo\/'>Lire la suite<\/a><\/span><\/div><\/div><\/div><\/div><div class=\"rt-col-md-4 rt-col-sm-6 rt-col-xs-12 even-grid-item rt-grid-item\" data-id=\"15617\"><div class=\"rt-holder\"><div class=\"rt-img-holder\"><a data-id='15617' class='' href='https:\/\/caritasrwanda.org\/fr\/des-agents-de-terrain-certifies-en-tant-que-prestataires-de-services-prives-psp\/'><img loading=\"lazy\" decoding=\"async\" width=\"2560\" height=\"1824\" src=\"https:\/\/caritasrwanda.org\/fr\/wp-content\/uploads\/2026\/03\/162A9069-scaled.jpg\" class=\"rt-img-responsive \" alt=\"\" data-id=\"15618\" \/><\/a><\/div> <div class='rt-detail'><div class='post-meta-user '><span class='date-meta'><i class='far fa-calendar-alt'><\/i>March 30, 2026<\/span><span class='author'><i class='fa fa-user'><\/i><a href=\"https:\/\/caritasrwanda.org\/fr\/author\/admin\/\">admin<\/a><\/span><\/div><h4 class=\"entry-title\"><a data-id=\"15617\" class=\"\" href=\"https:\/\/caritasrwanda.org\/fr\/des-agents-de-terrain-certifies-en-tant-que-prestataires-de-services-prives-psp\/\">Des agents de terrain certifi\u00e9s en tant que Prestataires de Services Priv\u00e9s (PSP)<\/a><\/h4><div class='post-meta '><span class='read-more'><a data-id='15617' class='' href='https:\/\/caritasrwanda.org\/fr\/des-agents-de-terrain-certifies-en-tant-que-prestataires-de-services-prives-psp\/'>Lire la suite<\/a><\/span><\/div><\/div><\/div><\/div><div class=\"rt-col-md-4 rt-col-sm-6 rt-col-xs-12 even-grid-item rt-grid-item\" data-id=\"15611\"><div class=\"rt-holder\"><div class=\"rt-img-holder\"><a data-id='15611' class='' href='https:\/\/caritasrwanda.org\/fr\/29eme-assemblee-generale-de-caritas-rwanda\/'><img loading=\"lazy\" decoding=\"async\" width=\"2560\" height=\"1707\" src=\"https:\/\/caritasrwanda.org\/fr\/wp-content\/uploads\/2026\/03\/162A8733-scaled.jpg\" class=\"rt-img-responsive \" alt=\"\" data-id=\"15612\" \/><\/a><\/div> <div class='rt-detail'><div class='post-meta-user '><span class='date-meta'><i class='far fa-calendar-alt'><\/i>March 30, 2026<\/span><span class='author'><i class='fa fa-user'><\/i><a href=\"https:\/\/caritasrwanda.org\/fr\/author\/admin\/\">admin<\/a><\/span><\/div><h4 class=\"entry-title\"><a data-id=\"15611\" class=\"\" href=\"https:\/\/caritasrwanda.org\/fr\/29eme-assemblee-generale-de-caritas-rwanda\/\">29\u00e8me Assembl\u00e9e G\u00e9n\u00e9rale de Caritas Rwanda<\/a><\/h4><div class='post-meta '><span class='read-more'><a data-id='15611' class='' href='https:\/\/caritasrwanda.org\/fr\/29eme-assemblee-generale-de-caritas-rwanda\/'>Lire la suite<\/a><\/span><\/div><\/div><\/div><\/div><div class=\"rt-col-md-4 rt-col-sm-6 rt-col-xs-12 even-grid-item rt-grid-item\" data-id=\"15605\"><div class=\"rt-holder\"><div class=\"rt-img-holder\"><a data-id='15605' class='' href='https:\/\/caritasrwanda.org\/fr\/conference-humanitaire-de-caritas-a-kigali\/'><img loading=\"lazy\" decoding=\"async\" width=\"2560\" height=\"1707\" src=\"https:\/\/caritasrwanda.org\/fr\/wp-content\/uploads\/2026\/03\/162A7732-scaled.jpg\" class=\"rt-img-responsive \" alt=\"\" data-id=\"15606\" \/><\/a><\/div> <div class='rt-detail'><div class='post-meta-user '><span class='date-meta'><i class='far fa-calendar-alt'><\/i>March 9, 2026<\/span><span class='author'><i class='fa fa-user'><\/i><a href=\"https:\/\/caritasrwanda.org\/fr\/author\/admin\/\">admin<\/a><\/span><\/div><h4 class=\"entry-title\"><a data-id=\"15605\" class=\"\" href=\"https:\/\/caritasrwanda.org\/fr\/conference-humanitaire-de-caritas-a-kigali\/\">Conf\u00e9rence Humanitaire de Caritas \u00e0 Kigali<\/a><\/h4><div class='post-meta '><span class='read-more'><a data-id='15605' class='' href='https:\/\/caritasrwanda.org\/fr\/conference-humanitaire-de-caritas-a-kigali\/'>Lire la suite<\/a><\/span><\/div><\/div><\/div><\/div><div class=\"rt-col-md-4 rt-col-sm-6 rt-col-xs-12 even-grid-item rt-grid-item\" data-id=\"15593\"><div class=\"rt-holder\"><div class=\"rt-img-holder\"><a data-id='15593' class='' href='https:\/\/caritasrwanda.org\/fr\/le-projet-tunga-officiellement-lance-dans-le-district-de-kirehe\/'><img loading=\"lazy\" decoding=\"async\" width=\"2560\" height=\"1707\" src=\"https:\/\/caritasrwanda.org\/fr\/wp-content\/uploads\/2026\/02\/162A7632-scaled.jpg\" class=\"rt-img-responsive \" alt=\"\" data-id=\"15594\" \/><\/a><\/div> <div class='rt-detail'><div class='post-meta-user '><span class='date-meta'><i class='far fa-calendar-alt'><\/i>February 17, 2026<\/span><span class='author'><i class='fa fa-user'><\/i><a href=\"https:\/\/caritasrwanda.org\/fr\/author\/admin\/\">admin<\/a><\/span><\/div><h4 class=\"entry-title\"><a data-id=\"15593\" class=\"\" href=\"https:\/\/caritasrwanda.org\/fr\/le-projet-tunga-officiellement-lance-dans-le-district-de-kirehe\/\">Le projet Tunga officiellement lanc\u00e9 dans le District de Kirehe<\/a><\/h4><div class='post-meta '><span class='read-more'><a data-id='15593' class='' href='https:\/\/caritasrwanda.org\/fr\/le-projet-tunga-officiellement-lance-dans-le-district-de-kirehe\/'>Lire la suite<\/a><\/span><\/div><\/div><\/div><\/div><div class=\"rt-col-md-4 rt-col-sm-6 rt-col-xs-12 even-grid-item rt-grid-item\" data-id=\"15586\"><div class=\"rt-holder\"><div class=\"rt-img-holder\"><a data-id='15586' class='' href='https:\/\/caritasrwanda.org\/fr\/atelier-de-rapportage-sur-les-realisations-de-2025-et-de-planification-pour-les-activites-de-2026\/'><img loading=\"lazy\" decoding=\"async\" width=\"2560\" height=\"1330\" src=\"https:\/\/caritasrwanda.org\/fr\/wp-content\/uploads\/2026\/02\/162A7529-scaled.jpg\" class=\"rt-img-responsive \" alt=\"\" data-id=\"15587\" \/><\/a><\/div> <div class='rt-detail'><div class='post-meta-user '><span class='date-meta'><i class='far fa-calendar-alt'><\/i>February 3, 2026<\/span><span class='author'><i class='fa fa-user'><\/i><a href=\"https:\/\/caritasrwanda.org\/fr\/author\/admin\/\">admin<\/a><\/span><\/div><h4 class=\"entry-title\"><a data-id=\"15586\" class=\"\" href=\"https:\/\/caritasrwanda.org\/fr\/atelier-de-rapportage-sur-les-realisations-de-2025-et-de-planification-pour-les-activites-de-2026\/\">Atelier de rapportage sur les r\u00e9alisations de 2025 et de planification pour les activit\u00e9s de 2026<\/a><\/h4><div class='post-meta '><span class='read-more'><a data-id='15586' class='' href='https:\/\/caritasrwanda.org\/fr\/atelier-de-rapportage-sur-les-realisations-de-2025-et-de-planification-pour-les-activites-de-2026\/'>Lire la suite<\/a><\/span><\/div><\/div><\/div><\/div><\/div><\/div>[\/vc_column_text][\/vc_column][\/vc_row][vc_row css=&#8221;.vc_custom_1666858878233{background-image: url(https:\/\/liviza-demo.pbminfotech.com\/demo1\/wp-content\/uploads\/sites\/2\/2019\/12\/map.png?id=12754) !important;background-position: center !important;background-repeat: no-repeat !important;background-size: contain !important;}&#8221;][vc_column]<div class=\"themestek-boxes themestek-boxes-portfolio themestek-boxes-view-default themestek-boxes-portfolio-style-1 themestek-boxes-col-four themestek-boxes-sortable-no themestek-boxes-textalign-center themestek-boxes-sortablebutton- themestek-heading-position-\" data-themestek-headingpos=\"\" >\n\t\t<div class=\"themestek-boxes-inner themestek-boxes-portfolio-inner \"><div class=\"themestek-box-heading-wrapper themestek-element-align-center\"><div class=\"themestek-element-heading-wrapper themestek-heading-inner themestek-element-align-center themestek-seperator-none \"><section class=\"themestek-vc_cta3-container\"><div class=\"themestek-vc_general themestek-vc_cta3 themestek-cta3-only themestek-vc_cta3-style-classic themestek-vc_cta3-shape-rounded themestek-vc_cta3-align-center themestek-vc_cta3-color-transparent themestek-vc_cta3-icon-size-md themestek-vc_cta3-actions-no themestek-cta3-without-desc\"><div class=\"themestek-vc_cta3_content-container\"><div class=\"themestek-vc_cta3-content\"><div class=\"themestek-vc_cta3-content-header themestek-wrap\"><div class=\"themestek-vc_cta3-headers themestek-wrap-cell\"><h2 class=\"themestek-custom-heading \" >T\u00e9moignages<\/h2>\n<\/div><\/div><\/div><\/div><\/div><\/section><\/div> <!-- .themestek-element-heading-wrapper container --> <\/div> <!-- .themestek-element-heading-wrapper container --> \n\t\t\t\n\t\t\t<div class=\"row multi-columns-row themestek-boxes-row-wrapper\">\n\t\t\t\t<div class=\"themestek-box-col-wrapper col-lg-3 col-sm-6 col-md-3 col-xs-12 testimonials\"><article class=\"themestek-box themestek-box-portfolio themestek-portfoliobox-style-1\">\n\t<div class=\"themestek-post-item\">\n\t\t<div class=\"themestek-featured-wrapper themestek-themestek-portfolio-featured-wrapper\"><img loading=\"lazy\" decoding=\"async\" width=\"800\" height=\"650\" src=\"https:\/\/caritasrwanda.org\/fr\/wp-content\/uploads\/2026\/04\/WhatsApp-Image-2026-04-16-at-07.16.52-1-800x650.jpeg\" class=\"attachment-themestek-img-800x650 size-themestek-img-800x650 wp-post-image\" alt=\"\" \/><\/div>\t\t<div class=\"themestek-box-content\">\n            <div class=\"themestek-box-content-inner\">\t\t\t  \n\t\t\t\t<div class=\"themestek-pf-box-title\">\n\t\t\t\t\t<h3><a href=\"https:\/\/caritasrwanda.org\/fr\/country\/de-petites-epargnes-a-de-grands-reves-lhistoire-de-succes-du-groupe-de-jeunes-terimbere-rubyiruko\/\">De petites \u00e9pargnes \u00e0 de grands r\u00eaves : l\u2019histoire de succes du groupe de jeunes Terimbere Rubyiruko<\/a><\/h3>\n\t\t\t\t<\/div>\n\t\t\t\t<div class=\"themestek-des\">\n\t\t\t\t\t\t\t\t\t\t\t\t<div class=\"themestek-portfolio-content\"><p>Soutenus par le projet jeunesse Gera Ku Ntego, 27 jeunes du district de Ngoma, formant le groupe Terimbere Rubyiruko, transforment leur vie gr\u00e2ce \u00e0 l&#8217;\u00e9pargne et aux investissements agricoles (chous, oignons et pommes de terre).<\/p>\n<\/div>\n\t\t\t\t\t\t\t\t\t\t\t\t<div class=\"themestek-box-link themestek-vc_btn3\">\n\t\t\t\t\t\t\t<a href=\"https:\/\/caritasrwanda.org\/fr\/country\/de-petites-epargnes-a-de-grands-reves-lhistoire-de-succes-du-groupe-de-jeunes-terimbere-rubyiruko\/\">Lire la Suite<\/a>\n\t\t\t\t\t\t<\/div>\n\t\t\t\t  <\/div>\n\t\t\t<\/div>\t\t\n\t\t<\/div>\n\t<\/div>\n<\/article>\n\n<\/div><div class=\"themestek-box-col-wrapper col-lg-3 col-sm-6 col-md-3 col-xs-12 testimonials\"><article class=\"themestek-box themestek-box-portfolio themestek-portfoliobox-style-1\">\n\t<div class=\"themestek-post-item\">\n\t\t<div class=\"themestek-featured-wrapper themestek-themestek-portfolio-featured-wrapper\"><img loading=\"lazy\" decoding=\"async\" width=\"800\" height=\"650\" src=\"https:\/\/caritasrwanda.org\/fr\/wp-content\/uploads\/2025\/06\/162A1384-800x650.jpg\" class=\"attachment-themestek-img-800x650 size-themestek-img-800x650 wp-post-image\" alt=\"\" \/><\/div>\t\t<div class=\"themestek-box-content\">\n            <div class=\"themestek-box-content-inner\">\t\t\t  \n\t\t\t\t<div class=\"themestek-pf-box-title\">\n\t\t\t\t\t<h3><a href=\"https:\/\/caritasrwanda.org\/fr\/country\/les-groupes-depargne-ameliorent-la-qualite-de-nutrition-dans-les-ecd-temoignage-du-groupe-ubumwe\/\">Les groupes d\u2019\u00e9pargne am\u00e9liorent la qualit\u00e9 de nutrition dans les ECD<\/a><\/h3>\n\t\t\t\t<\/div>\n\t\t\t\t<div class=\"themestek-des\">\n\t\t\t\t\t\t\t\t\t\t\t\t<div class=\"themestek-portfolio-content\"><p>Suite \u00e0 une formation sur la m\u00e9thodologie du groupe d\u2019\u00e9pargne, facilit\u00e9e par le projet ECD financ\u00e9 par Plan International Rwanda, 30 parents d\u2019enfants fr\u00e9quentant la maison de d\u00e9veloppement de la petite enfance \u201cTuganire\u201d ont form\u00e9 le groupe SILC Ubumwe et ont investi dans l\u2019aviculture pour nourrir leurs enfants avec des repas nutritifs et se d\u00e9velopper \u00e9conomiquement.<\/p>\n<\/div>\n\t\t\t\t\t\t\t\t\t\t\t\t<div class=\"themestek-box-link themestek-vc_btn3\">\n\t\t\t\t\t\t\t<a href=\"https:\/\/caritasrwanda.org\/fr\/country\/les-groupes-depargne-ameliorent-la-qualite-de-nutrition-dans-les-ecd-temoignage-du-groupe-ubumwe\/\">Lire la Suite<\/a>\n\t\t\t\t\t\t<\/div>\n\t\t\t\t  <\/div>\n\t\t\t<\/div>\t\t\n\t\t<\/div>\n\t<\/div>\n<\/article>\n\n<\/div><div class=\"themestek-box-col-wrapper col-lg-3 col-sm-6 col-md-3 col-xs-12 testimonials\"><article class=\"themestek-box themestek-box-portfolio themestek-portfoliobox-style-1\">\n\t<div class=\"themestek-post-item\">\n\t\t<div class=\"themestek-featured-wrapper themestek-themestek-portfolio-featured-wrapper\"><img loading=\"lazy\" decoding=\"async\" width=\"800\" height=\"650\" src=\"https:\/\/caritasrwanda.org\/fr\/wp-content\/uploads\/2025\/02\/162A7578-800x650.jpg\" class=\"attachment-themestek-img-800x650 size-themestek-img-800x650 wp-post-image\" alt=\"\" \/><\/div>\t\t<div class=\"themestek-box-content\">\n            <div class=\"themestek-box-content-inner\">\t\t\t  \n\t\t\t\t<div class=\"themestek-pf-box-title\">\n\t\t\t\t\t<h3><a href=\"https:\/\/caritasrwanda.org\/fr\/country\/de-lagriculture-pour-vivre-a-lachat-potentiel-dagriculteurs\/\">De l&#8217;agriculture pour vivre \u00e0 l&#8217;achat potentiel d&#8217;agriculteurs<\/a><\/h3>\n\t\t\t\t<\/div>\n\t\t\t\t<div class=\"themestek-des\">\n\t\t\t\t\t\t\t\t\t\t\t\t<div class=\"themestek-portfolio-content\"><p>Mukashema Patricie est une m\u00e8re c\u00e9libataire du district de Rusizi, dont la vie a chang\u00e9 gr\u00e2ce aux pr\u00eats internes de<br \/>\nEthan Jean Bosco, est un jeune r\u00e9fugi\u00e9 burundais vivant dans le camp de r\u00e9fugi\u00e9s de Mahama. Il vends des fruits, <\/p>\n<\/div>\n\t\t\t\t\t\t\t\t\t\t\t\t<div class=\"themestek-box-link themestek-vc_btn3\">\n\t\t\t\t\t\t\t<a href=\"https:\/\/caritasrwanda.org\/fr\/country\/de-lagriculture-pour-vivre-a-lachat-potentiel-dagriculteurs\/\">Lire la Suite<\/a>\n\t\t\t\t\t\t<\/div>\n\t\t\t\t  <\/div>\n\t\t\t<\/div>\t\t\n\t\t<\/div>\n\t<\/div>\n<\/article>\n\n<\/div><div class=\"themestek-box-col-wrapper col-lg-3 col-sm-6 col-md-3 col-xs-12 testimonials\"><article class=\"themestek-box themestek-box-portfolio themestek-portfoliobox-style-1\">\n\t<div class=\"themestek-post-item\">\n\t\t<div class=\"themestek-featured-wrapper themestek-themestek-portfolio-featured-wrapper\"><img loading=\"lazy\" decoding=\"async\" width=\"800\" height=\"650\" src=\"https:\/\/caritasrwanda.org\/fr\/wp-content\/uploads\/2025\/02\/162A9664-A-800x650.jpg\" class=\"attachment-themestek-img-800x650 size-themestek-img-800x650 wp-post-image\" alt=\"\" \/><\/div>\t\t<div class=\"themestek-box-content\">\n            <div class=\"themestek-box-content-inner\">\t\t\t  \n\t\t\t\t<div class=\"themestek-pf-box-title\">\n\t\t\t\t\t<h3><a href=\"https:\/\/caritasrwanda.org\/fr\/country\/sa-vie-a-ete-transformee-grace-au-pret-interne-du-groupe-silc\/\">Sa vie a \u00e9t\u00e9 transform\u00e9e gr\u00e2ce au pr\u00eat interne du groupe SILC<\/a><\/h3>\n\t\t\t\t<\/div>\n\t\t\t\t<div class=\"themestek-des\">\n\t\t\t\t\t\t\t\t\t\t\t\t<div class=\"themestek-portfolio-content\"><p>Mukashema Patricie est une m\u00e8re c\u00e9libataire du district de Rusizi, dont la vie a chang\u00e9 gr\u00e2ce aux pr\u00eats internes de <\/p>\n<\/div>\n\t\t\t\t\t\t\t\t\t\t\t\t<div class=\"themestek-box-link themestek-vc_btn3\">\n\t\t\t\t\t\t\t<a href=\"https:\/\/caritasrwanda.org\/fr\/country\/sa-vie-a-ete-transformee-grace-au-pret-interne-du-groupe-silc\/\">Lire la Suite<\/a>\n\t\t\t\t\t\t<\/div>\n\t\t\t\t  <\/div>\n\t\t\t<\/div>\t\t\n\t\t<\/div>\n\t<\/div>\n<\/article>\n\n<\/div>\n\t\t\t<\/div>\n\t\t<\/div><!-- .themestek-boxes-inner -->   <\/div><!-- .themestek-boxes -->  [\/vc_column][\/vc_row][vc_row][vc_column]<div class=\"themestek-boxes themestek-boxes-client themestek-boxes-view-carousel themestek-boxes-client-style-2 themestek-boxes-col-five themestek-boxes-sortable-no themestek-boxes-textalign-center themestek-boxes-sortablebutton- themestek-heading-position- themestek-boxes-carousel-arrows-hide themestek-boxes-txtalign-center\" data-themestek-speed=\"1500\" data-themestek-autoplay=\"1\" data-themestek-autoplayspeed=\"4500\" data-themestek-loop=\"1\" data-themestek-dots=\"0\" data-themestek-nav=\"hide\" data-themestek-centermode=\"0\" data-themestek-pauseonfocus=\"1\" data-themestek-pauseonhover=\"1\" data-themestek-slidestoscroll=\"column\" data-themestek-effecttype=\"slide\" data-themestek-headingpos=\"\" >\n\t\t<div class=\"themestek-boxes-inner themestek-boxes-client-inner \"><div class=\"themestek-box-heading-wrapper themestek-element-align-center\"><div class=\"themestek-element-heading-wrapper themestek-heading-inner themestek-element-align-center themestek-seperator-none \"><section class=\"themestek-vc_cta3-container\"><div class=\"themestek-vc_general themestek-vc_cta3 themestek-cta3-only themestek-vc_cta3-style-classic themestek-vc_cta3-shape-rounded themestek-vc_cta3-align-center themestek-vc_cta3-color-transparent themestek-vc_cta3-icon-size-md themestek-vc_cta3-actions-no themestek-cta3-without-desc\"><div class=\"themestek-vc_cta3_content-container\"><div class=\"themestek-vc_cta3-content\"><div class=\"themestek-vc_cta3-content-header themestek-wrap\"><div class=\"themestek-vc_cta3-headers themestek-wrap-cell\"><h2 class=\"themestek-custom-heading \" >Nos partenaires<\/h2>\n<\/div><\/div><\/div><\/div><\/div><\/section><\/div> <!-- .themestek-element-heading-wrapper container --> <\/div> <!-- .themestek-element-heading-wrapper container --> \n\t\t\t\n\t\t\t<div class=\"row multi-columns-row themestek-boxes-row-wrapper\">\n\t\t\t\t<div class=\"themestek-box-col-wrapper col-lg-20percent col-sm-4 col-md-4 col-xs-12 \"><div class=\"themestek-client-logo-box-w\"><div class=\"themestek-client-logo-tooltip\" data-tooltip=\"https:\/\/www.secours-catholique.org\/\"><a class=\"themestek-client-logo-link\" href=\"https:\/\/www.secours-catholique.org\/\"><div class=\"themestek-box themestek-box-client themestek-clientbox-style-2   themestek-clientbox-hover-exists \">\n\t\t<div class=\"themestek-client-box-hover-img\"><img decoding=\"async\" src=\"https:\/\/caritasrwanda.org\/fr\/wp-content\/uploads\/2024\/06\/Secours-Catholique-France-Logo-OK.png\" alt=\"Caritas Rwanda\" \/><\/div><\/div><\/a><\/div><\/div><!-- .themestek-client-logo-box-w --> <\/div><div class=\"themestek-box-col-wrapper col-lg-20percent col-sm-4 col-md-4 col-xs-12 \"><div class=\"themestek-client-logo-box-w\"><div class=\"themestek-client-logo-tooltip\" data-tooltip=\"client 010\"><a class=\"themestek-client-logo-link\" href=\"https:\/\/www.unhcr.org\/\"><div class=\"themestek-box themestek-box-client themestek-clientbox-style-2  \">\n\t\n\t\t<span class=\"themestek-item-thumbnail\">\n\t\t\t<span class=\"themestek-item-thumbnail-inner\">\n\t\t\t\t<img loading=\"lazy\" decoding=\"async\" width=\"400\" height=\"400\" src=\"https:\/\/caritasrwanda.org\/fr\/wp-content\/uploads\/2022\/09\/UNHCR.png\" class=\"attachment-full size-full wp-post-image\" alt=\"\" \/>\n\t\t\t<\/span>\n\t\t<\/span>\t<\/div><\/a><\/div><\/div><!-- .themestek-client-logo-box-w --> <\/div><div class=\"themestek-box-col-wrapper col-lg-20percent col-sm-4 col-md-4 col-xs-12 \"><div class=\"themestek-client-logo-box-w\"><div class=\"themestek-client-logo-tooltip\" data-tooltip=\"client 09\"><a class=\"themestek-client-logo-link\" href=\"https:\/\/www.moh.gov.rw\/\"><div class=\"themestek-box themestek-box-client themestek-clientbox-style-2  \">\n\t\n\t\t<span class=\"themestek-item-thumbnail\">\n\t\t\t<span class=\"themestek-item-thumbnail-inner\">\n\t\t\t\t<img loading=\"lazy\" decoding=\"async\" width=\"450\" height=\"300\" src=\"https:\/\/caritasrwanda.org\/fr\/wp-content\/uploads\/2022\/09\/Ministry-of-Health-of-rwanda.jpg\" class=\"attachment-full size-full wp-post-image\" alt=\"\" \/>\n\t\t\t<\/span>\n\t\t<\/span>\t<\/div><\/a><\/div><\/div><!-- .themestek-client-logo-box-w --> <\/div><div class=\"themestek-box-col-wrapper col-lg-20percent col-sm-4 col-md-4 col-xs-12 \"><div class=\"themestek-client-logo-box-w\"><div class=\"themestek-client-logo-tooltip\" data-tooltip=\"client 08\"><a class=\"themestek-client-logo-link\" href=\"https:\/\/www.wvi.org\/\"><div class=\"themestek-box themestek-box-client themestek-clientbox-style-2  \">\n\t\n\t\t<span class=\"themestek-item-thumbnail\">\n\t\t\t<span class=\"themestek-item-thumbnail-inner\">\n\t\t\t\t<img loading=\"lazy\" decoding=\"async\" width=\"900\" height=\"500\" src=\"https:\/\/caritasrwanda.org\/fr\/wp-content\/uploads\/2022\/09\/world-vision-vector-logo.png\" class=\"attachment-full size-full wp-post-image\" alt=\"\" \/>\n\t\t\t<\/span>\n\t\t<\/span>\t<\/div><\/a><\/div><\/div><!-- .themestek-client-logo-box-w --> <\/div><div class=\"themestek-box-col-wrapper col-lg-20percent col-sm-4 col-md-4 col-xs-12 \"><div class=\"themestek-client-logo-box-w\"><div class=\"themestek-client-logo-tooltip\" data-tooltip=\"client 01\"><a class=\"themestek-client-logo-link\" href=\"https:\/\/www.usaid.gov\/rwanda\"><div class=\"themestek-box themestek-box-client themestek-clientbox-style-2  \">\n\t\n\t\t<span class=\"themestek-item-thumbnail\">\n\t\t\t<span class=\"themestek-item-thumbnail-inner\">\n\t\t\t\t<img loading=\"lazy\" decoding=\"async\" width=\"1087\" height=\"424\" src=\"https:\/\/caritasrwanda.org\/fr\/wp-content\/uploads\/2022\/09\/USAID-LOGO-OK.jpg\" class=\"attachment-full size-full wp-post-image\" alt=\"\" \/>\n\t\t\t<\/span>\n\t\t<\/span>\t<\/div><\/a><\/div><\/div><!-- .themestek-client-logo-box-w --> <\/div><div class=\"themestek-box-col-wrapper col-lg-20percent col-sm-4 col-md-4 col-xs-12 \"><div class=\"themestek-client-logo-box-w\"><div class=\"themestek-client-logo-tooltip\" data-tooltip=\"client 07\"><a class=\"themestek-client-logo-link\" href=\"https:\/\/rw.usembassy.gov\/category\/pepfar\/\"><div class=\"themestek-box themestek-box-client themestek-clientbox-style-2  \">\n\t\n\t\t<span class=\"themestek-item-thumbnail\">\n\t\t\t<span class=\"themestek-item-thumbnail-inner\">\n\t\t\t\t<img loading=\"lazy\" decoding=\"async\" width=\"1116\" height=\"719\" src=\"https:\/\/caritasrwanda.org\/fr\/wp-content\/uploads\/2022\/09\/PEPFAR-LOGO-OK.jpg\" class=\"attachment-full size-full wp-post-image\" alt=\"\" \/>\n\t\t\t<\/span>\n\t\t<\/span>\t<\/div><\/a><\/div><\/div><!-- .themestek-client-logo-box-w --> <\/div><div class=\"themestek-box-col-wrapper col-lg-20percent col-sm-4 col-md-4 col-xs-12 \"><div class=\"themestek-client-logo-box-w\"><div class=\"themestek-client-logo-tooltip\" data-tooltip=\"client 06\"><a class=\"themestek-client-logo-link\" href=\"https:\/\/www.caritas.eu\/caritas-slovenia\/\"><div class=\"themestek-box themestek-box-client themestek-clientbox-style-2  \">\n\t\n\t\t<span class=\"themestek-item-thumbnail\">\n\t\t\t<span class=\"themestek-item-thumbnail-inner\">\n\t\t\t\t<img loading=\"lazy\" decoding=\"async\" width=\"200\" height=\"80\" src=\"https:\/\/caritasrwanda.org\/fr\/wp-content\/uploads\/2022\/08\/caritas_slovenia.png\" class=\"attachment-full size-full wp-post-image\" alt=\"\" \/>\n\t\t\t<\/span>\n\t\t<\/span>\t<\/div><\/a><\/div><\/div><!-- .themestek-client-logo-box-w --> <\/div><div class=\"themestek-box-col-wrapper col-lg-20percent col-sm-4 col-md-4 col-xs-12 \"><div class=\"themestek-client-logo-box-w\"><div class=\"themestek-client-logo-tooltip\" data-tooltip=\"client 05\"><a class=\"themestek-client-logo-link\" href=\"https:\/\/www.crs.org\/our-work-overseas\/where-we-work\/rwanda\"><div class=\"themestek-box themestek-box-client themestek-clientbox-style-2  \">\n\t\n\t\t<span class=\"themestek-item-thumbnail\">\n\t\t\t<span class=\"themestek-item-thumbnail-inner\">\n\t\t\t\t<img loading=\"lazy\" decoding=\"async\" width=\"200\" height=\"80\" src=\"https:\/\/caritasrwanda.org\/fr\/wp-content\/uploads\/2022\/08\/inter_crs-1.jpg\" class=\"attachment-full size-full wp-post-image\" alt=\"\" \/>\n\t\t\t<\/span>\n\t\t<\/span>\t<\/div><\/a><\/div><\/div><!-- .themestek-client-logo-box-w --> <\/div><div class=\"themestek-box-col-wrapper col-lg-20percent col-sm-4 col-md-4 col-xs-12 \"><div class=\"themestek-client-logo-box-w\"><div class=\"themestek-client-logo-tooltip\" data-tooltip=\"client 04\"><div class=\"themestek-box themestek-box-client themestek-clientbox-style-2  \">\n\t\n\t\t<span class=\"themestek-item-thumbnail\">\n\t\t\t<span class=\"themestek-item-thumbnail-inner\">\n\t\t\t\t<img loading=\"lazy\" decoding=\"async\" width=\"200\" height=\"200\" src=\"https:\/\/caritasrwanda.org\/fr\/wp-content\/uploads\/2022\/08\/slovenia_dev_coop-1.png\" class=\"attachment-full size-full wp-post-image\" alt=\"\" \/>\n\t\t\t<\/span>\n\t\t<\/span>\t<\/div><\/div><\/div><!-- .themestek-client-logo-box-w --> <\/div><div class=\"themestek-box-col-wrapper col-lg-20percent col-sm-4 col-md-4 col-xs-12 \"><div class=\"themestek-client-logo-box-w\"><div class=\"themestek-client-logo-tooltip\" data-tooltip=\"client 03\"><a class=\"themestek-client-logo-link\" href=\"https:\/\/www.caritas.org\/\"><div class=\"themestek-box themestek-box-client themestek-clientbox-style-2  \">\n\t\n\t\t<span class=\"themestek-item-thumbnail\">\n\t\t\t<span class=\"themestek-item-thumbnail-inner\">\n\t\t\t\t<img loading=\"lazy\" decoding=\"async\" width=\"200\" height=\"80\" src=\"https:\/\/caritasrwanda.org\/fr\/wp-content\/uploads\/2022\/08\/inter_caritas_internationale-1.jpg\" class=\"attachment-full size-full wp-post-image\" alt=\"\" \/>\n\t\t\t<\/span>\n\t\t<\/span>\t<\/div><\/a><\/div><\/div><!-- .themestek-client-logo-box-w --> <\/div><div class=\"themestek-box-col-wrapper col-lg-20percent col-sm-4 col-md-4 col-xs-12 \"><div class=\"themestek-client-logo-box-w\"><div class=\"themestek-client-logo-tooltip\" data-tooltip=\"client 02\"><a class=\"themestek-client-logo-link\" href=\"https:\/\/www.moh.gov.rw\/\"><div class=\"themestek-box themestek-box-client themestek-clientbox-style-2  \">\n\t\n\t\t<span class=\"themestek-item-thumbnail\">\n\t\t\t<span class=\"themestek-item-thumbnail-inner\">\n\t\t\t\t<img loading=\"lazy\" decoding=\"async\" width=\"200\" height=\"80\" src=\"https:\/\/caritasrwanda.org\/fr\/wp-content\/uploads\/2022\/08\/local_minisante.jpg\" class=\"attachment-full size-full wp-post-image\" alt=\"\" \/>\n\t\t\t<\/span>\n\t\t<\/span>\t<\/div><\/a><\/div><\/div><!-- .themestek-client-logo-box-w --> <\/div>\n\t\t\t<\/div>\n\t\t<\/div><!-- .themestek-boxes-inner -->   <\/div><!-- .themestek-boxes -->  [\/vc_column][\/vc_row]<\/p>\n","protected":false},"excerpt":{"rendered":"<p>[vc_row themestek_textcolor=&#8221;white&#8221; themestek_bgcolor=&#8221;skincolor&#8221; full_width=&#8221;stretch_row&#8221; css=&#8221;.vc_custom_1670231279296{padding-bottom: 30px !important;background-color: #131516 !important;background-position: center !important;background-repeat: no-repeat !important;background-size: cover !important;}&#8221; el_class=&#8221;themestek-bg-pattarn-2&#8243;][vc_column zindex=&#8221;1&#8243;][vc_row_inner gap=&#8221;0px&#8221; css=&#8221;.vc_custom_1662212967863{padding-top: 30px !important;}&#8221;][vc_column_inner width=&#8221;1\/2&#8243;][vc_empty_space height=&#8221;10px&#8221;][\/vc_column_inner][vc_column_inner width=&#8221;1\/2&#8243; css=&#8221;.vc_custom_1579673501614{margin-top: 25px !important;}&#8221; themestek_responsive_css=&#8221;55328164|colbreak_no|||||||||colbreak_no|||||||||colbreak_no|0|||||||||colbreak_no|||||||||&#8221;][\/vc_column_inner][\/vc_row_inner][\/vc_column][\/vc_row][vc_row][vc_column][vc_row_inner gap=&#8221;0px&#8221; css=&#8221;.vc_custom_1661249670325{padding-bottom: 20px !important;}&#8221;][vc_column_inner width=&#8221;1\/2&#8243;][\/vc_column_inner][vc_column_inner width=&#8221;1\/2&#8243; css=&#8221;.vc_custom_1579674603328{margin-top: 35px !important;}&#8221; themestek_responsive_css=&#8221;74839650|colbreak_no|||||||||colbreak_no|||||||||colbreak_no|0|||||||||colbreak_no|||||||||&#8221;][vc_column_text] CARITAS RWANDA: Promouvoir la dignit\u00e9 humaine \u00e0 tout l\u2019homme et tout homme. [\/vc_column_text][\/vc_column_inner][\/vc_row_inner][vc_column_text][\/vc_column_text][\/vc_column][\/vc_row][vc_row css=&#8221;.vc_custom_1666858878233{background-image: url(https:\/\/liviza-demo.pbminfotech.com\/demo1\/wp-content\/uploads\/sites\/2\/2019\/12\/map.png?id=12754) !important;background-position: center &hellip; <a href=\"https:\/\/caritasrwanda.org\/fr\/client\/client-02\/\" class=\"more-link\">Continue reading <span class=\"screen-reader-text\">client 02<\/span><\/a><\/p>\n","protected":false},"author":1,"featured_media":0,"parent":0,"menu_order":1,"comment_status":"closed","ping_status":"closed","template":"","meta":{"footnotes":""},"class_list":["post-6439","page","type-page","status-publish","hentry"],"_links":{"self":[{"href":"https:\/\/caritasrwanda.org\/fr\/wp-json\/wp\/v2\/pages\/6439","targetHints":{"allow":["GET"]}}],"collection":[{"href":"https:\/\/caritasrwanda.org\/fr\/wp-json\/wp\/v2\/pages"}],"about":[{"href":"https:\/\/caritasrwanda.org\/fr\/wp-json\/wp\/v2\/types\/page"}],"author":[{"embeddable":true,"href":"https:\/\/caritasrwanda.org\/fr\/wp-json\/wp\/v2\/users\/1"}],"replies":[{"embeddable":true,"href":"https:\/\/caritasrwanda.org\/fr\/wp-json\/wp\/v2\/comments?post=6439"}],"version-history":[{"count":51,"href":"https:\/\/caritasrwanda.org\/fr\/wp-json\/wp\/v2\/pages\/6439\/revisions"}],"predecessor-version":[{"id":14738,"href":"https:\/\/caritasrwanda.org\/fr\/wp-json\/wp\/v2\/pages\/6439\/revisions\/14738"}],"wp:attachment":[{"href":"https:\/\/caritasrwanda.org\/fr\/wp-json\/wp\/v2\/media?parent=6439"}],"curies":[{"name":"wp","href":"https:\/\/api.w.org\/{rel}","templated":true}]}}