{"id":14029,"date":"2022-08-24T14:00:56","date_gmt":"2022-08-24T14:00:56","guid":{"rendered":"https:\/\/spiderbit.rw\/workspace\/caritasrwanda\/?page_id=14029"},"modified":"2022-11-15T10:58:17","modified_gmt":"2022-11-15T10:58:17","slug":"what-we-do","status":"publish","type":"page","link":"https:\/\/caritasrwanda.org\/fr\/what-we-do\/","title":{"rendered":"What We do"},"content":{"rendered":"<p>[vc_row themestek_bgimage_position=&#8221;center_top&#8221; full_width=&#8221;stretch_row&#8221; gap=&#8221;0px&#8221; css=&#8221;.vc_custom_1668497617302{padding-bottom: 100px !important;background-image: url(https:\/\/spiderbit.rw\/workspace\/caritasrwanda\/fr\/wp-content\/uploads\/2022\/11\/Backgroud-picture-for-the-What-we-Do-Page.jpg?id=14713) !important;background-position: center !important;background-repeat: no-repeat !important;background-size: cover !important;}&#8221; el_class=&#8221;themestek-bg-pattarn&#8221;][vc_column][vc_row_inner themestek_textcolor=&#8221;dark&#8221; content_placement=&#8221;middle&#8221; gap=&#8221;0px&#8221;][vc_column_inner width=&#8221;1\/2&#8243;][\/vc_column_inner][vc_column_inner width=&#8221;1\/2&#8243; css=&#8221;.vc_custom_1579686812041{margin-top: 35px !important;}&#8221; themestek_responsive_css=&#8221;17032097|colbreak_no|||||||||colbreak_no|||||||||colbreak_no|0|||||||||colbreak_no|||||||||&#8221;][\/vc_column_inner][\/vc_row_inner]<div class=\"themestek-element-heading-wrapper themestek-heading-inner themestek-element-align-center themestek-seperator-none \"><section class=\"themestek-vc_cta3-container\"><div class=\"themestek-vc_general themestek-vc_cta3 themestek-cta3-only themestek-vc_cta3-style-classic themestek-vc_cta3-shape-rounded themestek-vc_cta3-align-center themestek-vc_cta3-color-transparent themestek-vc_cta3-icon-size-md themestek-vc_cta3-actions-no themestek-cta3-without-desc\"><div class=\"themestek-vc_cta3_content-container\"><div class=\"themestek-vc_cta3-content\"><div class=\"themestek-vc_cta3-content-header themestek-wrap\"><div class=\"themestek-vc_cta3-headers themestek-wrap-cell\"><h2 class=\"themestek-custom-heading \" ><em>NOS ACTIVITES<\/em><\/h2>\n<\/div><\/div><\/div><\/div><\/div><\/section><\/div> <!-- .themestek-element-heading-wrapper container --> [vc_column_text]<span style=\"color: #ffffff;\">Toutes les interventions de Caritas Rwanda sont con\u00e7ues pour promouvoir la dignit\u00e9 humaine, sans aucune discrimination. Avec les activit\u00e9s de protection sociale, de sant\u00e9 et de d\u00e9veloppement, Caritas Rwanda et son r\u00e9seau d\u00e9centralis\u00e9 aident les personnes les plus vuln\u00e9rables \u00e0 acc\u00e9der \u00e0 des conditions de vie d\u00e9centes et \u00e0 l&#8217;autonomie. Elles sont dot\u00e9es de diff\u00e9rentes capacit\u00e9s techniques, sociales et financi\u00e8res qui sont mises \u00e0 profit pour r\u00e9sister aux chocs de toutes sortes. Plus pr\u00e9cis\u00e9ment, les activit\u00e9s sont rationalis\u00e9es dans les cat\u00e9gories sp\u00e9cifiques suivants.<\/span>[\/vc_column_text][\/vc_column][\/vc_row][vc_row themestek_textcolor=&#8221;white&#8221; themestek_bgcolor=&#8221;darkgrey&#8221; full_width=&#8221;stretch_row&#8221; disable_element=&#8221;yes&#8221; css=&#8221;.vc_custom_1663688757775{padding-bottom: 100px !important;background-position: center !important;background-repeat: no-repeat !important;background-size: cover !important;}&#8221; el_class=&#8221;themestek-bg-pattarn-2&#8243;][vc_column zindex=&#8221;1&#8243;]<div class=\"themestek-boxes themestek-boxes-service themestek-boxes-view-default themestek-boxes-service-style-2 themestek-boxes-col-three themestek-boxes-sortable-no themestek-boxes-textalign-center themestek-boxes-sortablebutton- themestek-heading-position-\" data-themestek-headingpos=\"\" >\n\t\t<div class=\"themestek-boxes-inner themestek-boxes-service-inner \">\n\t\t\t\n\t\t\t<div class=\"row multi-columns-row themestek-boxes-row-wrapper\">\n\t\t\t\t<div class=\"themestek-box-col-wrapper col-lg-4 col-sm-6 col-md-4 col-xs-12 \"><article class=\"themestek-box themestek-box-service themestek-servicebox-style-2\">\n\t<div class=\"themestek-post-item\">\n\t\t\n\t\t<span class=\"themestek-item-thumbnail\">\n\t\t\t<span class=\"themestek-item-thumbnail-inner\">\n\t\t\t\t<img loading=\"lazy\" decoding=\"async\" width=\"800\" height=\"533\" src=\"https:\/\/caritasrwanda.org\/fr\/wp-content\/uploads\/2025\/03\/162A5107-800x533.jpg\" class=\"attachment-themestek-img-800x533 size-themestek-img-800x533 wp-post-image\" alt=\"\" data-id=\"15379\" \/>\n\t\t\t<\/span>\n\t\t<\/span>\t\t<div class=\"themestek-box-content\">\n            <div class=\"themestek-box-content-inner\">\n\t\t\t\t\t<div class=\"ts-ihbox-icon\">\n\t\t\t\t\t\t<i class=\"fa fa-map-marker\"><\/i>\t\t\t\t\t<\/div>\n\t\t\t\t <div class=\"themestek-des\">\n\t\t\t\t\t<h3><a href=\"https:\/\/caritasrwanda.org\/fr\/visa\/projet-ecd\/\">PROJET ECD<\/a><\/h3>\n\t\t\t\t\t\t\t\t\t\t<div class=\"themestek-service-content\"><p>Gr\u00e2ce au soutien et au financement du Plan International Rwanda, Caritas Rwanda mets en \u0153uvre un Projet de D\u00e9veloppement de la Petite Enfance dans les districts de Bugesera, Gatsibo et Nyaruguru depuis octobre 2022 \u00e0 juin 2025.<\/p>\n<\/div>\n\t\t\t\t\t\t\n\t\t\t\t\t<div class=\"themestek-box-link themestek-vc_btn3\">\n\t\t\t\t\t\t<a class=\"themestek-vc_general themestek-vc_btn3 themestek-vc_btn3-size-md themestek-vc_btn3-shape-rounded themestek-vc_btn3-style-outline themestek-vc_btn3-weight-no themestek-vc_btn3-color-black\" href=\"https:\/\/caritasrwanda.org\/fr\/visa\/projet-ecd\/\"><span>Lire la suite<\/span><\/a>\n\t\t\t\t\t<\/div>\n\t\t\t\t<\/div>\n\t\t\t<\/div>\t\t\n\t\t<\/div>\n\t<\/div>\n<\/article><\/div><div class=\"themestek-box-col-wrapper col-lg-4 col-sm-6 col-md-4 col-xs-12 \"><article class=\"themestek-box themestek-box-service themestek-servicebox-style-2\">\n\t<div class=\"themestek-post-item\">\n\t\t\n\t\t<span class=\"themestek-item-thumbnail\">\n\t\t\t<span class=\"themestek-item-thumbnail-inner\">\n\t\t\t\t<img loading=\"lazy\" decoding=\"async\" width=\"800\" height=\"533\" src=\"https:\/\/caritasrwanda.org\/fr\/wp-content\/uploads\/2025\/03\/162A9519-A-800x533.jpg\" class=\"attachment-themestek-img-800x533 size-themestek-img-800x533 wp-post-image\" alt=\"\" data-id=\"15376\" \/>\n\t\t\t<\/span>\n\t\t<\/span>\t\t<div class=\"themestek-box-content\">\n            <div class=\"themestek-box-content-inner\">\n\t\t\t\t\t<div class=\"ts-ihbox-icon\">\n\t\t\t\t\t\t<i class=\"fa fa-map-marker\"><\/i>\t\t\t\t\t<\/div>\n\t\t\t\t <div class=\"themestek-des\">\n\t\t\t\t\t<h3><a href=\"https:\/\/caritasrwanda.org\/fr\/visa\/programme-dencadrement-economique-et-social-des-jeunes-vulnerables-des-dioceses-de-cyangugu-et-de-gikongoro-pees-2023-2026\/\">PROGRAMME D\u2019ENCADREMENT ECONOMIQUE ET SOCIAL DES JEUNES VULNERABLES DES DIOCESES DE CYANGUGU ET DE GIKONGORO (PEES) 2023-2026<\/a><\/h3>\n\t\t\t\t\t\t\t\t\t\t<div class=\"themestek-service-content\"><p>PEES, est un programme financ\u00e9 par le Secours Catholique\/Caritas France, qui a pour objectif d\u2019am\u00e9liorer les conditions de vie des jeunes vuln\u00e9rables des 19 paroisses du dioc\u00e8se de Gikongoro et 21 paroisses du dioc\u00e8se de Cyangugu.<\/p>\n<\/div>\n\t\t\t\t\t\t\n\t\t\t\t\t<div class=\"themestek-box-link themestek-vc_btn3\">\n\t\t\t\t\t\t<a class=\"themestek-vc_general themestek-vc_btn3 themestek-vc_btn3-size-md themestek-vc_btn3-shape-rounded themestek-vc_btn3-style-outline themestek-vc_btn3-weight-no themestek-vc_btn3-color-black\" href=\"https:\/\/caritasrwanda.org\/fr\/visa\/programme-dencadrement-economique-et-social-des-jeunes-vulnerables-des-dioceses-de-cyangugu-et-de-gikongoro-pees-2023-2026\/\"><span>Lire la suite<\/span><\/a>\n\t\t\t\t\t<\/div>\n\t\t\t\t<\/div>\n\t\t\t<\/div>\t\t\n\t\t<\/div>\n\t<\/div>\n<\/article><\/div><div class=\"themestek-box-col-wrapper col-lg-4 col-sm-6 col-md-4 col-xs-12 \"><article class=\"themestek-box themestek-box-service themestek-servicebox-style-2\">\n\t<div class=\"themestek-post-item\">\n\t\t\n\t\t<span class=\"themestek-item-thumbnail\">\n\t\t\t<span class=\"themestek-item-thumbnail-inner\">\n\t\t\t\t<img loading=\"lazy\" decoding=\"async\" width=\"800\" height=\"533\" src=\"https:\/\/caritasrwanda.org\/fr\/wp-content\/uploads\/2024\/08\/WhatsApp-Image-2024-03-07-at-12.16.01-800x533.jpeg\" class=\"attachment-themestek-img-800x533 size-themestek-img-800x533 wp-post-image\" alt=\"\" data-id=\"15206\" \/>\n\t\t\t<\/span>\n\t\t<\/span>\t\t<div class=\"themestek-box-content\">\n            <div class=\"themestek-box-content-inner\">\n\t\t\t\t\t<div class=\"ts-ihbox-icon\">\n\t\t\t\t\t\t<i class=\"fa fa-map-marker\"><\/i>\t\t\t\t\t<\/div>\n\t\t\t\t <div class=\"themestek-des\">\n\t\t\t\t\t<h3><a href=\"https:\/\/caritasrwanda.org\/fr\/visa\/le-projet-gera-ku-ntego-gkn\/\">Le Projet Gera Ku Ntego (GKN)<\/a><\/h3>\n\t\t\t\t\t\t\t\t\t\t<div class=\"themestek-service-content\"><p>Le projet pour les jeunes Gera Ku Ntego (GKN) est un projet initi\u00e9 par le CRS visant \u00e0 renforcer une voie durable pour mettre \u00e0 l&#8217;\u00e9chelle des approches pour les jeunes qui r\u00e9pondent aux besoins, aux opportunit\u00e9s et aux priorit\u00e9s au Rwanda.<\/p>\n<\/div>\n\t\t\t\t\t\t\n\t\t\t\t\t<div class=\"themestek-box-link themestek-vc_btn3\">\n\t\t\t\t\t\t<a class=\"themestek-vc_general themestek-vc_btn3 themestek-vc_btn3-size-md themestek-vc_btn3-shape-rounded themestek-vc_btn3-style-outline themestek-vc_btn3-weight-no themestek-vc_btn3-color-black\" href=\"https:\/\/caritasrwanda.org\/fr\/visa\/le-projet-gera-ku-ntego-gkn\/\"><span>Lire la suite<\/span><\/a>\n\t\t\t\t\t<\/div>\n\t\t\t\t<\/div>\n\t\t\t<\/div>\t\t\n\t\t<\/div>\n\t<\/div>\n<\/article><\/div><div class=\"themestek-box-col-wrapper col-lg-4 col-sm-6 col-md-4 col-xs-12 \"><article class=\"themestek-box themestek-box-service themestek-servicebox-style-2\">\n\t<div class=\"themestek-post-item\">\n\t\t\n\t\t<span class=\"themestek-item-thumbnail\">\n\t\t\t<span class=\"themestek-item-thumbnail-inner\">\n\t\t\t\t<img loading=\"lazy\" decoding=\"async\" width=\"800\" height=\"533\" src=\"https:\/\/caritasrwanda.org\/fr\/wp-content\/uploads\/2022\/10\/WhatsApp-Image-2024-07-05-at-13.09.35-11-800x533.jpeg\" class=\"attachment-themestek-img-800x533 size-themestek-img-800x533 wp-post-image\" alt=\"\" data-id=\"15179\" \/>\n\t\t\t<\/span>\n\t\t<\/span>\t\t<div class=\"themestek-box-content\">\n            <div class=\"themestek-box-content-inner\">\n\t\t\t\t\t<div class=\"ts-ihbox-icon\">\n\t\t\t\t\t\t<i class=\"fa fa-map-marker\"><\/i>\t\t\t\t\t<\/div>\n\t\t\t\t <div class=\"themestek-des\">\n\t\t\t\t\t<h3><a href=\"https:\/\/caritasrwanda.org\/fr\/visa\/projet-tube-aheza-amazi-hafi\/\">PROJET TUBEHO NEZA AHEZA<\/a><\/h3>\n\t\t\t\t\t\t\t\t\t\t<div class=\"themestek-service-content\"><p>Avec le soutien conjoint du minist\u00e8re des Affaires \u00e9trang\u00e8res de la R\u00e9publique de Slov\u00e9nie et de Caritas Slov\u00e9nie, Caritas Rwanda et<\/p>\n<\/div>\n\t\t\t\t\t\t\n\t\t\t\t\t<div class=\"themestek-box-link themestek-vc_btn3\">\n\t\t\t\t\t\t<a class=\"themestek-vc_general themestek-vc_btn3 themestek-vc_btn3-size-md themestek-vc_btn3-shape-rounded themestek-vc_btn3-style-outline themestek-vc_btn3-weight-no themestek-vc_btn3-color-black\" href=\"https:\/\/caritasrwanda.org\/fr\/visa\/projet-tube-aheza-amazi-hafi\/\"><span>Lire la suite<\/span><\/a>\n\t\t\t\t\t<\/div>\n\t\t\t\t<\/div>\n\t\t\t<\/div>\t\t\n\t\t<\/div>\n\t<\/div>\n<\/article><\/div><div class=\"themestek-box-col-wrapper col-lg-4 col-sm-6 col-md-4 col-xs-12 \"><article class=\"themestek-box themestek-box-service themestek-servicebox-style-2\">\n\t<div class=\"themestek-post-item\">\n\t\t\n\t\t<span class=\"themestek-item-thumbnail\">\n\t\t\t<span class=\"themestek-item-thumbnail-inner\">\n\t\t\t\t<img loading=\"lazy\" decoding=\"async\" width=\"800\" height=\"533\" src=\"https:\/\/caritasrwanda.org\/fr\/wp-content\/uploads\/2022\/10\/162A8438-A-800x533.jpg\" class=\"attachment-themestek-img-800x533 size-themestek-img-800x533 wp-post-image\" alt=\"\" data-id=\"14670\" \/>\n\t\t\t<\/span>\n\t\t<\/span>\t\t<div class=\"themestek-box-content\">\n            <div class=\"themestek-box-content-inner\">\n\t\t\t\t\t<div class=\"ts-ihbox-icon\">\n\t\t\t\t\t\t<i class=\"fa fa-map-marker\"><\/i>\t\t\t\t\t<\/div>\n\t\t\t\t <div class=\"themestek-des\">\n\t\t\t\t\t<h3><a href=\"https:\/\/caritasrwanda.org\/fr\/visa\/projet-osc\/\">PROJET OSC<\/a><\/h3>\n\t\t\t\t\t\t\t\t\t\t<div class=\"themestek-service-content\"><p>Le d\u00e9partement des \u0153uvres socio caritatives nait avec la Caritas, car il est m\u00eame la raison d\u2019\u00eatre de celle-ci. Il est venu comme une r\u00e9ponse \u00e0 des mis\u00e8res des ann\u00e9es 1959 au Rwanda.<\/p>\n<\/div>\n\t\t\t\t\t\t\n\t\t\t\t\t<div class=\"themestek-box-link themestek-vc_btn3\">\n\t\t\t\t\t\t<a class=\"themestek-vc_general themestek-vc_btn3 themestek-vc_btn3-size-md themestek-vc_btn3-shape-rounded themestek-vc_btn3-style-outline themestek-vc_btn3-weight-no themestek-vc_btn3-color-black\" href=\"https:\/\/caritasrwanda.org\/fr\/visa\/projet-osc\/\"><span>Lire la suite<\/span><\/a>\n\t\t\t\t\t<\/div>\n\t\t\t\t<\/div>\n\t\t\t<\/div>\t\t\n\t\t<\/div>\n\t<\/div>\n<\/article><\/div><div class=\"themestek-box-col-wrapper col-lg-4 col-sm-6 col-md-4 col-xs-12 \"><article class=\"themestek-box themestek-box-service themestek-servicebox-style-2\">\n\t<div class=\"themestek-post-item\">\n\t\t\n\t\t<span class=\"themestek-item-thumbnail\">\n\t\t\t<span class=\"themestek-item-thumbnail-inner\">\n\t\t\t\t<img loading=\"lazy\" decoding=\"async\" width=\"800\" height=\"533\" src=\"https:\/\/caritasrwanda.org\/fr\/wp-content\/uploads\/2022\/10\/162A4327-A-800x533.jpg\" class=\"attachment-themestek-img-800x533 size-themestek-img-800x533 wp-post-image\" alt=\"\" data-id=\"14671\" \/>\n\t\t\t<\/span>\n\t\t<\/span>\t\t<div class=\"themestek-box-content\">\n            <div class=\"themestek-box-content-inner\">\n\t\t\t\t\t<div class=\"ts-ihbox-icon\">\n\t\t\t\t\t\t<i class=\"fa fa-map-marker\"><\/i>\t\t\t\t\t<\/div>\n\t\t\t\t <div class=\"themestek-des\">\n\t\t\t\t\t<h3><a href=\"https:\/\/caritasrwanda.org\/fr\/visa\/gikuriro-kuri-bose\/\">GIKURIRO KURI BOSE<\/a><\/h3>\n\t\t\t\t\t\t\t\t\t\t<div class=\"themestek-service-content\"><p>Le Programme de Nutrition Inclusive et de l\u2019Enfance (Gikuriro Kuri Bose) est un programme de 5 ans financ\u00e9 par l&#8217;USAID (2021-2026)<\/p>\n<\/div>\n\t\t\t\t\t\t\n\t\t\t\t\t<div class=\"themestek-box-link themestek-vc_btn3\">\n\t\t\t\t\t\t<a class=\"themestek-vc_general themestek-vc_btn3 themestek-vc_btn3-size-md themestek-vc_btn3-shape-rounded themestek-vc_btn3-style-outline themestek-vc_btn3-weight-no themestek-vc_btn3-color-black\" href=\"https:\/\/caritasrwanda.org\/fr\/visa\/gikuriro-kuri-bose\/\"><span>Lire la suite<\/span><\/a>\n\t\t\t\t\t<\/div>\n\t\t\t\t<\/div>\n\t\t\t<\/div>\t\t\n\t\t<\/div>\n\t<\/div>\n<\/article><\/div><div class=\"themestek-box-col-wrapper col-lg-4 col-sm-6 col-md-4 col-xs-12 \"><article class=\"themestek-box themestek-box-service themestek-servicebox-style-2\">\n\t<div class=\"themestek-post-item\">\n\t\t\n\t\t<span class=\"themestek-item-thumbnail\">\n\t\t\t<span class=\"themestek-item-thumbnail-inner\">\n\t\t\t\t<img loading=\"lazy\" decoding=\"async\" width=\"800\" height=\"533\" src=\"https:\/\/caritasrwanda.org\/fr\/wp-content\/uploads\/2022\/08\/1-800x533.jpg\" class=\"attachment-themestek-img-800x533 size-themestek-img-800x533 wp-post-image\" alt=\"\" data-id=\"14598\" \/>\n\t\t\t<\/span>\n\t\t<\/span>\t\t<div class=\"themestek-box-content\">\n            <div class=\"themestek-box-content-inner\">\n\t\t\t\t\t<div class=\"ts-ihbox-icon\">\n\t\t\t\t\t\t<i class=\"fa fa-map-marker\"><\/i>\t\t\t\t\t<\/div>\n\t\t\t\t <div class=\"themestek-des\">\n\t\t\t\t\t<h3><a href=\"https:\/\/caritasrwanda.org\/fr\/visa\/projet-graduation\/\">PROJET \u00ab\u00a0GRADUATION\u00a0\u00bb<\/a><\/h3>\n\t\t\t\t\t\t\t\t\t\t<div class=\"themestek-service-content\"><p>Ce projet intitul\u00e9 &#8220;Projet de Graduation\u00a0: Voies vers l&#8217;inclusion \u00e9conomique et l&#8217;autosuffisance des r\u00e9fugi\u00e9s et de leurs communaut\u00e9s d&#8217;accueil au RWANDA&#8221;<\/p>\n<\/div>\n\t\t\t\t\t\t\n\t\t\t\t\t<div class=\"themestek-box-link themestek-vc_btn3\">\n\t\t\t\t\t\t<a class=\"themestek-vc_general themestek-vc_btn3 themestek-vc_btn3-size-md themestek-vc_btn3-shape-rounded themestek-vc_btn3-style-outline themestek-vc_btn3-weight-no themestek-vc_btn3-color-black\" href=\"https:\/\/caritasrwanda.org\/fr\/visa\/projet-graduation\/\"><span>Lire la suite<\/span><\/a>\n\t\t\t\t\t<\/div>\n\t\t\t\t<\/div>\n\t\t\t<\/div>\t\t\n\t\t<\/div>\n\t<\/div>\n<\/article><\/div><div class=\"themestek-box-col-wrapper col-lg-4 col-sm-6 col-md-4 col-xs-12 \"><article class=\"themestek-box themestek-box-service themestek-servicebox-style-2\">\n\t<div class=\"themestek-post-item\">\n\t\t\n\t\t<span class=\"themestek-item-thumbnail\">\n\t\t\t<span class=\"themestek-item-thumbnail-inner\">\n\t\t\t\t<img loading=\"lazy\" decoding=\"async\" width=\"800\" height=\"533\" src=\"https:\/\/caritasrwanda.org\/fr\/wp-content\/uploads\/2022\/08\/162A8639-800x533.jpg\" class=\"attachment-themestek-img-800x533 size-themestek-img-800x533 wp-post-image\" alt=\"\" data-id=\"15533\" \/>\n\t\t\t<\/span>\n\t\t<\/span>\t\t<div class=\"themestek-box-content\">\n            <div class=\"themestek-box-content-inner\">\n\t\t\t\t\t<div class=\"ts-ihbox-icon\">\n\t\t\t\t\t\t<i class=\"fa fa-map-marker\"><\/i>\t\t\t\t\t<\/div>\n\t\t\t\t <div class=\"themestek-des\">\n\t\t\t\t\t<h3><a href=\"https:\/\/caritasrwanda.org\/fr\/visa\/projet-igire-gimbuka\/\">PROGRAMME IGIRE-GIMBUKA<\/a><\/h3>\n\t\t\t\t\t\t\t\t\t\t<div class=\"themestek-service-content\"><p>\u00ab\u00a0IGIRE-GIMBUKA\u00a0\u00bb ou \u00ab\u00a0Soyez r\u00e9silient, soyez autonome\u00a0\u00bb, est un programme OVC (Enfant orphelins ou rendus plus vuln\u00e9rables \u00e0 cause du VIH\/SIDA) de cinq ans qui vise \u00e0 atteindre 80 000 OVC<\/p>\n<\/div>\n\t\t\t\t\t\t\n\t\t\t\t\t<div class=\"themestek-box-link themestek-vc_btn3\">\n\t\t\t\t\t\t<a class=\"themestek-vc_general themestek-vc_btn3 themestek-vc_btn3-size-md themestek-vc_btn3-shape-rounded themestek-vc_btn3-style-outline themestek-vc_btn3-weight-no themestek-vc_btn3-color-black\" href=\"https:\/\/caritasrwanda.org\/fr\/visa\/projet-igire-gimbuka\/\"><span>Lire la suite<\/span><\/a>\n\t\t\t\t\t<\/div>\n\t\t\t\t<\/div>\n\t\t\t<\/div>\t\t\n\t\t<\/div>\n\t<\/div>\n<\/article><\/div><div class=\"themestek-box-col-wrapper col-lg-4 col-sm-6 col-md-4 col-xs-12 \"><article class=\"themestek-box themestek-box-service themestek-servicebox-style-2\">\n\t<div class=\"themestek-post-item\">\n\t\t\n\t\t<span class=\"themestek-item-thumbnail\">\n\t\t\t<span class=\"themestek-item-thumbnail-inner\">\n\t\t\t\t<img loading=\"lazy\" decoding=\"async\" width=\"800\" height=\"533\" src=\"https:\/\/caritasrwanda.org\/fr\/wp-content\/uploads\/2022\/08\/3-800x533.jpg\" class=\"attachment-themestek-img-800x533 size-themestek-img-800x533 wp-post-image\" alt=\"\" data-id=\"14601\" \/>\n\t\t\t<\/span>\n\t\t<\/span>\t\t<div class=\"themestek-box-content\">\n            <div class=\"themestek-box-content-inner\">\n\t\t\t\t\t<div class=\"ts-ihbox-icon\">\n\t\t\t\t\t\t<i class=\"fa fa-map-marker\"><\/i>\t\t\t\t\t<\/div>\n\t\t\t\t <div class=\"themestek-des\">\n\t\t\t\t\t<h3><a href=\"https:\/\/caritasrwanda.org\/fr\/visa\/pac-project\/\">PAC PROJECT<\/a><\/h3>\n\t\t\t\t\t\t\t\t\t\t<div class=\"themestek-service-content\"><p>Le projet intitul\u00e9 \u201cAtt\u00e9nuer la pauvret\u00e9 des r\u00e9fugi\u00e9s vuln\u00e9rables et des membres de la communaut\u00e9 d&#8217;accueil gr\u00e2ce \u00e0 des moyens de subsistance durables et \u00e0 l&#8217;autonomie en suivant l&#8217;approche de graduation\u201d<\/p>\n<\/div>\n\t\t\t\t\t\t\n\t\t\t\t\t<div class=\"themestek-box-link themestek-vc_btn3\">\n\t\t\t\t\t\t<a class=\"themestek-vc_general themestek-vc_btn3 themestek-vc_btn3-size-md themestek-vc_btn3-shape-rounded themestek-vc_btn3-style-outline themestek-vc_btn3-weight-no themestek-vc_btn3-color-black\" href=\"https:\/\/caritasrwanda.org\/fr\/visa\/pac-project\/\"><span>Lire la suite<\/span><\/a>\n\t\t\t\t\t<\/div>\n\t\t\t\t<\/div>\n\t\t\t<\/div>\t\t\n\t\t<\/div>\n\t<\/div>\n<\/article><\/div>\n\t\t\t<\/div>\n\t\t<\/div><!-- .themestek-boxes-inner -->   <\/div><!-- .themestek-boxes -->  [\/vc_column][\/vc_row][vc_row][vc_column][vc_row_inner][vc_column_inner width=&#8221;1\/2&#8243;][vc_column_text]<\/p>\n<ul>\n<li><strong>Activit\u00e9s sociales<\/strong><\/li>\n<\/ul>\n<p>Avec des interventions caritatives \u00e0 travers le pays, Caritas Rwanda avec son r\u00e9seau, soutient les personnes les plus vuln\u00e9rables (les personnes \u00e2g\u00e9es, les personnes handicap\u00e9es, les plus vuln\u00e9rables, les malades chroniques entre autres) pour satisfaire leurs besoins fondamentaux : acc\u00e8s au logement, acc\u00e8s \u00e0 l&#8217;\u00e9ducation, v\u00eatements, services de sant\u00e9, produits alimentaires et non alimentaires, etc.<\/p>\n<p>Caritas Rwanda se joint \u00e9galement aux efforts de Caritas Internationalis tout au long des appels d&#8217;urgence (EA) pour des activit\u00e9s des secours \u00e0 l&#8217;\u00e9tranger afin de mettre en \u0153uvre des solutions formul\u00e9es en cas de catastrophe.[\/vc_column_text][\/vc_column_inner][vc_column_inner width=&#8221;1\/2&#8243;]<div class=\"themestek-single-image-wrapper themestek_align_left about-img-1\"><div class=\"themestek-single-image-img-w\"><img decoding=\"async\" src=\"https:\/\/spiderbit.rw\/workspace\/caritasrwanda\/wp-content\/uploads\/2022\/09\/Serving-the-most-vulnerable-is-our-mission.-scaled.jpg\" class=\"themestek-single-image-img\" alt=\"\" \/><\/div><\/div>[\/vc_column_inner][\/vc_row_inner][vc_row_inner gap=&#8221;0px&#8221; css=&#8221;.vc_custom_1663687911845{margin-top: 22px !important;border-top-width: 22px !important;padding-top: 22px !important;}&#8221;][vc_column_inner width=&#8221;1\/2&#8243;]<div class=\"themestek-single-image-wrapper themestek_align_left about-img-1\"><div class=\"themestek-single-image-img-w\"><img decoding=\"async\" src=\"https:\/\/spiderbit.rw\/workspace\/caritasrwanda\/wp-content\/uploads\/2022\/09\/162A4719-scaled.jpg\" class=\"themestek-single-image-img\" alt=\"\" \/><\/div><\/div>[\/vc_column_inner][vc_column_inner width=&#8221;1\/2&#8243;][vc_column_text][\/vc_column_text][vc_column_text]<\/p>\n<ul>\n<li><strong>Activit\u00e9s de d\u00e9veloppement<\/strong><\/li>\n<\/ul>\n<p>Caritas Rwanda soutient les personnes actives, y compris, mais sans s&#8217;y limiter, les petits agriculteurs, les coop\u00e9ratives et les initiatives de divers groupes en vue qu\u2019ils acqui\u00e8rent leur autonomie. Caritas Rwanda promeut les activit\u00e9s de s\u00e9curit\u00e9 alimentaire respectueuses de l&#8217;environnement, sauvant notre maison commune, conform\u00e9ment \u00e0 l&#8217;encyclique du Pape Francis \u00ab\u00a0Laudato Si\u00a0\u00bb et aux politiques du gouvernement rwandais dans le domaine de l&#8217;agriculture. Les agriculteurs b\u00e9n\u00e9ficient d&#8217;un acc\u00e8s \u00a0aux intrants agricoles, aux ressources financi\u00e8res et \u00e0 l&#8217;acc\u00e8s au march\u00e9 pour leur production agricole. Ils sont form\u00e9s et accompagn\u00e9s dans leurs initiatives hors exploitation (Formation technique, professionnelle et p\u00e9dagogique, artisanat, prestation de services divers entre autres) pour augmenter leurs sources de revenus.<\/p>\n<p>.[\/vc_column_text][\/vc_column_inner][\/vc_row_inner][vc_row_inner gap=&#8221;0px&#8221; css=&#8221;.vc_custom_1663687911845{margin-top: 22px !important;border-top-width: 22px !important;padding-top: 22px !important;}&#8221;][vc_column_inner width=&#8221;1\/2&#8243;][vc_column_text]<\/p>\n<ul>\n<li><strong>Activit\u00e9s sanitaires, nutritionnelles et WASH<\/strong><\/li>\n<\/ul>\n<p>Caritas Rwanda met en \u0153uvre des activit\u00e9s communautaires de sant\u00e9 et de nutrition pour am\u00e9liorer les r\u00e9sultats de sant\u00e9 et l&#8217;\u00e9tat nutritionnel des Rwandais, en mettant particuli\u00e8rement l&#8217;accent sur les enfants dans leur premiers 1 000 jours, les femmes et les personnes atteintes de maladies chroniques. Caritas Rwanda, conjointement avec le minist\u00e8re de la Sant\u00e9, coordonne les activit\u00e9s de 119 Centre de sant\u00e9 appartenant \u00e0 l&#8217;\u00c9glise catholique (repr\u00e9sentant 30 % de toutes les infrastructures de sant\u00e9 au Rwanda), dont 3 h\u00f4pitaux sp\u00e9cialis\u00e9s.[\/vc_column_text][\/vc_column_inner][vc_column_inner width=&#8221;1\/2&#8243;]<div class=\"themestek-single-image-wrapper themestek_align_left about-img-1\"><div class=\"themestek-single-image-img-w\"><img decoding=\"async\" src=\"https:\/\/spiderbit.rw\/workspace\/caritasrwanda\/wp-content\/uploads\/2022\/09\/162A0467-1-scaled.jpg\" class=\"themestek-single-image-img\" alt=\"\" \/><\/div><\/div>[\/vc_column_inner][\/vc_row_inner][\/vc_column][\/vc_row][vc_row themestek_bgcolor=&#8221;grey&#8221; zindex=&#8221;2&#8243; full_width=&#8221;stretch_row&#8221; gap=&#8221;0px&#8221; disable_element=&#8221;yes&#8221; css=&#8221;.vc_custom_1664184741673{margin-top: 110px !important;border-top-width: 110px !important;padding-top: 110px !important;}&#8221;][vc_column zindex=&#8221;2&#8243; css=&#8221;.vc_custom_1576302530416{margin-top: -200px !important;}&#8221;]<div class=\"themestek-boxes themestek-boxes-portfolio themestek-boxes-view-default themestek-boxes-portfolio-style-2 themestek-boxes-col-three themestek-boxes-sortable-no themestek-boxes-textalign-center themestek-boxes-sortablebutton- themestek-heading-position-\" data-themestek-headingpos=\"\" >\n\t\t<div class=\"themestek-boxes-inner themestek-boxes-portfolio-inner \">\n\t\t\t\n\t\t\t<div class=\"row multi-columns-row themestek-boxes-row-wrapper\">\n\t\t\t\t<div class=\"themestek-box-col-wrapper col-lg-4 col-sm-6 col-md-4 col-xs-12 testimonials\"><article class=\"themestek-box themestek-box-portfolio themestek-portfoliobox-style-2\">\n\t<div class=\"themestek-post-item\">\n\t\t<div class=\"themestek-featured-wrapper themestek-themestek-portfolio-featured-wrapper\"><img loading=\"lazy\" decoding=\"async\" width=\"800\" height=\"533\" src=\"https:\/\/caritasrwanda.org\/fr\/wp-content\/uploads\/2026\/04\/WhatsApp-Image-2026-04-16-at-07.16.52-1-800x533.jpeg\" class=\"attachment-themestek-img-800x533 size-themestek-img-800x533 wp-post-image\" alt=\"\" \/><\/div>\t\t<div class=\"themestek-box-content\">\n\t\t\t<div class=\"themestek-box-content-inner\">\n\t\t\t\t<div class=\"ts-ihbox-icon\">\n\t\t\t\t\t<span class=\"img-thumbnail flag flag-icon-background flag-icon-rw\"><\/span>\t\t\t\t\t\t\t\t\t\t<\/div>\n\t\t\t\t\t<div class=\"themestek-des\">\n\t\t\t\t\t\t<div class=\"themestek-pf-box-title\"> \n\t\t\t\t\t\t\t<h3><a href=\"https:\/\/caritasrwanda.org\/fr\/country\/de-petites-epargnes-a-de-grands-reves-lhistoire-de-succes-du-groupe-de-jeunes-terimbere-rubyiruko\/\">De petites \u00e9pargnes \u00e0 de grands r\u00eaves : l\u2019histoire de succes du groupe de jeunes Terimbere Rubyiruko<\/a><\/h3>\n\t\t\t\t\t\t<\/div>\t\t\t\t\t\t\n\t\t\t\t\t\t\t\t\t\t\t\t<div class=\"themestek-portfolio-content\"><p>Soutenus par le projet jeunesse Gera Ku Ntego, 27 jeunes du district de Ngoma, formant le groupe Terimbere Rubyiruko, transforment leur vie gr\u00e2ce \u00e0 l&#8217;\u00e9pargne et aux investissements agricoles (chous, oignons et pommes de terre).<\/p>\n<\/div>\n\t\t\t\t\t\t\t\t\t\t  <\/div> \n            <\/div>\n\t\t<\/div>\n\t<\/div>\n<\/article>\n<\/div><div class=\"themestek-box-col-wrapper col-lg-4 col-sm-6 col-md-4 col-xs-12 testimonials\"><article class=\"themestek-box themestek-box-portfolio themestek-portfoliobox-style-2\">\n\t<div class=\"themestek-post-item\">\n\t\t<div class=\"themestek-featured-wrapper themestek-themestek-portfolio-featured-wrapper\"><img loading=\"lazy\" decoding=\"async\" width=\"800\" height=\"533\" src=\"https:\/\/caritasrwanda.org\/fr\/wp-content\/uploads\/2025\/06\/162A1384-800x533.jpg\" class=\"attachment-themestek-img-800x533 size-themestek-img-800x533 wp-post-image\" alt=\"\" \/><\/div>\t\t<div class=\"themestek-box-content\">\n\t\t\t<div class=\"themestek-box-content-inner\">\n\t\t\t\t<div class=\"ts-ihbox-icon\">\n\t\t\t\t\t<span class=\"img-thumbnail flag flag-icon-background flag-icon-rw\"><\/span>\t\t\t\t\t\t\t\t\t\t<\/div>\n\t\t\t\t\t<div class=\"themestek-des\">\n\t\t\t\t\t\t<div class=\"themestek-pf-box-title\"> \n\t\t\t\t\t\t\t<h3><a href=\"https:\/\/caritasrwanda.org\/fr\/country\/les-groupes-depargne-ameliorent-la-qualite-de-nutrition-dans-les-ecd-temoignage-du-groupe-ubumwe\/\">Les groupes d\u2019\u00e9pargne am\u00e9liorent la qualit\u00e9 de nutrition dans les ECD<\/a><\/h3>\n\t\t\t\t\t\t<\/div>\t\t\t\t\t\t\n\t\t\t\t\t\t\t\t\t\t\t\t<div class=\"themestek-portfolio-content\"><p>Suite \u00e0 une formation sur la m\u00e9thodologie du groupe d\u2019\u00e9pargne, facilit\u00e9e par le projet ECD financ\u00e9 par Plan International Rwanda, 30 parents d\u2019enfants fr\u00e9quentant la maison de d\u00e9veloppement de la petite enfance \u201cTuganire\u201d ont form\u00e9 le groupe SILC Ubumwe et ont investi dans l\u2019aviculture pour nourrir leurs enfants avec des repas nutritifs et se d\u00e9velopper \u00e9conomiquement.<\/p>\n<\/div>\n\t\t\t\t\t\t\t\t\t\t  <\/div> \n            <\/div>\n\t\t<\/div>\n\t<\/div>\n<\/article>\n<\/div><div class=\"themestek-box-col-wrapper col-lg-4 col-sm-6 col-md-4 col-xs-12 testimonials\"><article class=\"themestek-box themestek-box-portfolio themestek-portfoliobox-style-2\">\n\t<div class=\"themestek-post-item\">\n\t\t<div class=\"themestek-featured-wrapper themestek-themestek-portfolio-featured-wrapper\"><img loading=\"lazy\" decoding=\"async\" width=\"800\" height=\"533\" src=\"https:\/\/caritasrwanda.org\/fr\/wp-content\/uploads\/2025\/02\/162A7578-800x533.jpg\" class=\"attachment-themestek-img-800x533 size-themestek-img-800x533 wp-post-image\" alt=\"\" \/><\/div>\t\t<div class=\"themestek-box-content\">\n\t\t\t<div class=\"themestek-box-content-inner\">\n\t\t\t\t<div class=\"ts-ihbox-icon\">\n\t\t\t\t\t<span class=\"img-thumbnail flag flag-icon-background flag-icon-rw\"><\/span>\t\t\t\t\t\t\t\t\t\t<\/div>\n\t\t\t\t\t<div class=\"themestek-des\">\n\t\t\t\t\t\t<div class=\"themestek-pf-box-title\"> \n\t\t\t\t\t\t\t<h3><a href=\"https:\/\/caritasrwanda.org\/fr\/country\/de-lagriculture-pour-vivre-a-lachat-potentiel-dagriculteurs\/\">De l&#8217;agriculture pour vivre \u00e0 l&#8217;achat potentiel d&#8217;agriculteurs<\/a><\/h3>\n\t\t\t\t\t\t<\/div>\t\t\t\t\t\t\n\t\t\t\t\t\t\t\t\t\t\t\t<div class=\"themestek-portfolio-content\"><p>Mukashema Patricie est une m\u00e8re c\u00e9libataire du district de Rusizi, dont la vie a chang\u00e9 gr\u00e2ce aux pr\u00eats internes de<br \/>\nEthan Jean Bosco, est un jeune r\u00e9fugi\u00e9 burundais vivant dans le camp de r\u00e9fugi\u00e9s de Mahama. Il vends des fruits, <\/p>\n<\/div>\n\t\t\t\t\t\t\t\t\t\t  <\/div> \n            <\/div>\n\t\t<\/div>\n\t<\/div>\n<\/article>\n<\/div>\n\t\t\t<\/div>\n\t\t<\/div><!-- .themestek-boxes-inner -->   <\/div><!-- .themestek-boxes -->  [\/vc_column][\/vc_row]<\/p>\n","protected":false},"excerpt":{"rendered":"<p>[vc_row themestek_bgimage_position=&#8221;center_top&#8221; full_width=&#8221;stretch_row&#8221; gap=&#8221;0px&#8221; css=&#8221;.vc_custom_1668497617302{padding-bottom: 100px !important;background-image: url(https:\/\/spiderbit.rw\/workspace\/caritasrwanda\/fr\/wp-content\/uploads\/2022\/11\/Backgroud-picture-for-the-What-we-Do-Page.jpg?id=14713) !important;background-position: center !important;background-repeat: no-repeat !important;background-size: cover !important;}&#8221; el_class=&#8221;themestek-bg-pattarn&#8221;][vc_column][vc_row_inner themestek_textcolor=&#8221;dark&#8221; content_placement=&#8221;middle&#8221; gap=&#8221;0px&#8221;][vc_column_inner width=&#8221;1\/2&#8243;][\/vc_column_inner][vc_column_inner width=&#8221;1\/2&#8243; css=&#8221;.vc_custom_1579686812041{margin-top: 35px !important;}&#8221; themestek_responsive_css=&#8221;17032097|colbreak_no|||||||||colbreak_no|||||||||colbreak_no|0|||||||||colbreak_no|||||||||&#8221;][\/vc_column_inner][\/vc_row_inner][vc_column_text]Toutes les interventions de Caritas Rwanda sont con\u00e7ues pour promouvoir la dignit\u00e9 humaine, sans aucune discrimination. Avec les activit\u00e9s de protection sociale, de sant\u00e9 et de d\u00e9veloppement, Caritas Rwanda et son &hellip; <a href=\"https:\/\/caritasrwanda.org\/fr\/country\/de-lagriculture-pour-vivre-a-lachat-potentiel-dagriculteurs\/\" class=\"more-link\">Continue reading <span class=\"screen-reader-text\">De l&#8217;agriculture pour vivre \u00e0 l&#8217;achat potentiel d&#8217;agriculteurs<\/span><\/a><\/p>\n","protected":false},"author":1,"featured_media":0,"parent":0,"menu_order":3,"comment_status":"closed","ping_status":"closed","template":"","meta":{"footnotes":""},"class_list":["post-14029","page","type-page","status-publish","hentry"],"_links":{"self":[{"href":"https:\/\/caritasrwanda.org\/fr\/wp-json\/wp\/v2\/pages\/14029","targetHints":{"allow":["GET"]}}],"collection":[{"href":"https:\/\/caritasrwanda.org\/fr\/wp-json\/wp\/v2\/pages"}],"about":[{"href":"https:\/\/caritasrwanda.org\/fr\/wp-json\/wp\/v2\/types\/page"}],"author":[{"embeddable":true,"href":"https:\/\/caritasrwanda.org\/fr\/wp-json\/wp\/v2\/users\/1"}],"replies":[{"embeddable":true,"href":"https:\/\/caritasrwanda.org\/fr\/wp-json\/wp\/v2\/comments?post=14029"}],"version-history":[{"count":24,"href":"https:\/\/caritasrwanda.org\/fr\/wp-json\/wp\/v2\/pages\/14029\/revisions"}],"predecessor-version":[{"id":14564,"href":"https:\/\/caritasrwanda.org\/fr\/wp-json\/wp\/v2\/pages\/14029\/revisions\/14564"}],"wp:attachment":[{"href":"https:\/\/caritasrwanda.org\/fr\/wp-json\/wp\/v2\/media?parent=14029"}],"curies":[{"name":"wp","href":"https:\/\/api.w.org\/{rel}","templated":true}]}}